{"id":579,"date":"2020-01-30T08:33:34","date_gmt":"2020-01-30T07:33:34","guid":{"rendered":"https:\/\/rivegauche-magazine.ch\/?page_id=579"},"modified":"2025-12-04T10:19:18","modified_gmt":"2025-12-04T09:19:18","slug":"collonge-bellerive","status":"publish","type":"page","link":"https:\/\/geneveetvousmagazine.ch\/index.php\/collonge-bellerive\/","title":{"rendered":"COLLONGE-BELLERIVE"},"content":{"rendered":"<p>[et_pb_section fb_built=\u00a0\u00bb1&Prime; _builder_version=\u00a0\u00bb4.16&Prime; global_colors_info=\u00a0\u00bb{}\u00a0\u00bb][et_pb_row _builder_version=\u00a0\u00bb4.16&Prime; global_colors_info=\u00a0\u00bb{}\u00a0\u00bb][et_pb_column type=\u00a0\u00bb4_4&Prime; _builder_version=\u00a0\u00bb4.16&Prime; custom_padding=\u00a0\u00bb|||\u00a0\u00bb global_colors_info=\u00a0\u00bb{}\u00a0\u00bb custom_padding__hover=\u00a0\u00bb|||\u00a0\u00bb][et_pb_image src=\u00a0\u00bbhttps:\/\/rivegauche-magazine.ch\/wp-content\/uploads\/2024\/02\/LSM_Egger_Collonge-Bellerive_Re-Opening_RiveGauche_Banner_1520x530px.gif\u00a0\u00bb title_text=\u00a0\u00bbLSM_Egger_Collonge-Bellerive_Re-Opening_RiveGauche_Banner_1520x1820px\u00a0\u00bb url=\u00a0\u00bbhttps:\/\/maps.app.goo.gl\/1rF93mt5VAfX33e3A\u00a0\u00bb force_fullwidth=\u00a0\u00bbon\u00a0\u00bb src_tablet=\u00a0\u00bbhttps:\/\/rivegauche-magazine.ch\/wp-content\/uploads\/2024\/02\/LSM_Egger_Collonge-Bellerive_Re-Opening_RiveGauche_Banner_1520x1820px.gif\u00a0\u00bb src_phone=\u00a0\u00bbhttps:\/\/rivegauche-magazine.ch\/wp-content\/uploads\/2024\/02\/LSM_Egger_Collonge-Bellerive_Re-Opening_RiveGauche_Banner_1520x1820px.gif\u00a0\u00bb src_last_edited=\u00a0\u00bbon|desktop\u00a0\u00bb align_tablet=\u00a0\u00bbcenter\u00a0\u00bb align_phone=\u00a0\u00bb\u00a0\u00bb align_last_edited=\u00a0\u00bbon|desktop\u00a0\u00bb _builder_version=\u00a0\u00bb4.17.6&Prime; global_colors_info=\u00a0\u00bb{}\u00a0\u00bb][\/et_pb_image][\/et_pb_column][\/et_pb_row][\/et_pb_section][et_pb_section fb_built=\u00a0\u00bb1&Prime; admin_label=\u00a0\u00bbAgenda\u00a0\u00bb _builder_version=\u00a0\u00bb4.16&Prime; custom_margin=\u00a0\u00bb||\u00a0\u00bb custom_padding=\u00a0\u00bb0px|||||\u00a0\u00bb global_colors_info=\u00a0\u00bb{}\u00a0\u00bb][et_pb_row _builder_version=\u00a0\u00bb4.16&Prime; global_colors_info=\u00a0\u00bb{}\u00a0\u00bb][et_pb_column type=\u00a0\u00bb4_4&Prime; _builder_version=\u00a0\u00bb4.16&Prime; custom_padding=\u00a0\u00bb|||\u00a0\u00bb global_colors_info=\u00a0\u00bb{}\u00a0\u00bb custom_padding__hover=\u00a0\u00bb|||\u00a0\u00bb][et_pb_divider divider_weight=\u00a0\u00bb13px\u00a0\u00bb _builder_version=\u00a0\u00bb4.16&Prime; width=\u00a0\u00bb180px\u00a0\u00bb custom_padding=\u00a0\u00bb|||50px\u00a0\u00bb global_colors_info=\u00a0\u00bb{}\u00a0\u00bb][\/et_pb_divider][et_pb_divider _builder_version=\u00a0\u00bb4.16&Prime; custom_margin=\u00a0\u00bb-57px||\u00a0\u00bb custom_margin_tablet=\u00a0\u00bb-44px||\u00a0\u00bb custom_margin_phone=\u00a0\u00bb\u00a0\u00bb custom_margin_last_edited=\u00a0\u00bbon|phone\u00a0\u00bb custom_padding=\u00a0\u00bb0px||\u00a0\u00bb global_colors_info=\u00a0\u00bb{}\u00a0\u00bb][\/et_pb_divider][\/et_pb_column][\/et_pb_row][et_pb_row column_structure=\u00a0\u00bb1_2,1_2&Prime; admin_label=\u00a0\u00bbTitre Agenda\u00a0\u00bb _builder_version=\u00a0\u00bb4.16&Prime; custom_margin=\u00a0\u00bb||\u00a0\u00bb custom_padding=\u00a0\u00bb0px||0px|||\u00a0\u00bb global_colors_info=\u00a0\u00bb{}\u00a0\u00bb][et_pb_column type=\u00a0\u00bb1_2&Prime; _builder_version=\u00a0\u00bb4.16&Prime; custom_padding=\u00a0\u00bb0px|||\u00a0\u00bb global_colors_info=\u00a0\u00bb{}\u00a0\u00bb custom_padding__hover=\u00a0\u00bb|||\u00a0\u00bb][et_pb_text _builder_version=\u00a0\u00bb4.16&Prime; header_font=\u00a0\u00bbGeorgia||||||||\u00a0\u00bb header_text_color=\u00a0\u00bb#000000&Prime; header_font_size=\u00a0\u00bb48px\u00a0\u00bb custom_margin=\u00a0\u00bb-30px|||50px\u00a0\u00bb header_font_size_tablet=\u00a0\u00bb36px\u00a0\u00bb header_font_size_phone=\u00a0\u00bb24px\u00a0\u00bb header_font_size_last_edited=\u00a0\u00bbon|tablet\u00a0\u00bb global_colors_info=\u00a0\u00bb{}\u00a0\u00bb]<\/p>\n<h1>\u00c9V\u00c9NEMENTS<\/h1>\n<p>[\/et_pb_text][\/et_pb_column][et_pb_column type=\u00a0\u00bb1_2&Prime; _builder_version=\u00a0\u00bb4.16&Prime; custom_padding=\u00a0\u00bb|||\u00a0\u00bb global_colors_info=\u00a0\u00bb{}\u00a0\u00bb custom_padding__hover=\u00a0\u00bb|||\u00a0\u00bb][\/et_pb_column][\/et_pb_row][\/et_pb_section][et_pb_section fb_built=\u00a0\u00bb1&Prime; admin_label=\u00a0\u00bbRubriques Agenda\u00a0\u00bb _builder_version=\u00a0\u00bb4.16&Prime; custom_margin=\u00a0\u00bb||\u00a0\u00bb custom_padding=\u00a0\u00bb0px|||||\u00a0\u00bb global_colors_info=\u00a0\u00bb{}\u00a0\u00bb][et_pb_row column_structure=\u00a0\u00bb1_2,1_2&Prime; admin_label=\u00a0\u00bbBloc rubrique \u00e9v\u00e9nements\u00a0\u00bb _builder_version=\u00a0\u00bb4.16&Prime; custom_padding=\u00a0\u00bb0px|||||\u00a0\u00bb global_colors_info=\u00a0\u00bb{}\u00a0\u00bb][et_pb_column type=\u00a0\u00bb1_2&Prime; _builder_version=\u00a0\u00bb4.16&Prime; custom_padding=\u00a0\u00bb|||\u00a0\u00bb global_colors_info=\u00a0\u00bb{}\u00a0\u00bb custom_padding__hover=\u00a0\u00bb|||\u00a0\u00bb][et_pb_image src=\u00a0\u00bbhttps:\/\/rivegauche-magazine.ch\/wp-content\/uploads\/2021\/03\/2C_COLLONGE2.jpg\u00a0\u00bb title_text=\u00a0\u00bb2C_COLLONGE2&Prime; url=\u00a0\u00bbhttps:\/\/rivegauche-magazine.ch\/index.php\/collonge-bellerive\/histoire-collonge-bellerive\/\u00a0\u00bb force_fullwidth=\u00a0\u00bbon\u00a0\u00bb align_tablet=\u00a0\u00bbcenter\u00a0\u00bb align_phone=\u00a0\u00bb\u00a0\u00bb align_last_edited=\u00a0\u00bbon|desktop\u00a0\u00bb _builder_version=\u00a0\u00bb4.17.6&Prime; global_colors_info=\u00a0\u00bb{}\u00a0\u00bb][\/et_pb_image][et_pb_text admin_label=\u00a0\u00bbHISTOIRE\u00a0\u00bb _builder_version=\u00a0\u00bb4.17.1&Prime; text_font=\u00a0\u00bb||||||||\u00a0\u00bb header_font=\u00a0\u00bbNunito||||||||\u00a0\u00bb header_text_color=\u00a0\u00bb#000000&Prime; custom_margin=\u00a0\u00bb-30px||\u00a0\u00bb custom_padding=\u00a0\u00bb||\u00a0\u00bb link_option_url=\u00a0\u00bbhttps:\/\/rivegauche-magazine.ch\/index.php\/collonge-bellerive\/evenements-collonge-bellerive\/\u00a0\u00bb global_colors_info=\u00a0\u00bb{}\u00a0\u00bb]<\/p>\n<h1 style=\"text-align: right;\">HISTOIRE DE<br \/>COLLONGE-BELLERIVE<\/h1>\n<p>[\/et_pb_text][et_pb_image src=\u00a0\u00bbhttps:\/\/rivegauche-magazine.ch\/wp-content\/uploads\/2024\/04\/festival-du-lac-affiche-2024-3.jpg\u00a0\u00bb title_text=\u00a0\u00bbfestival-du-lac-affiche-2024&Prime; url=\u00a0\u00bbhttps:\/\/rivegauche-magazine.ch\/index.php\/collonge-bellerive\/festival-du-livre-collonge-bellerive\u00a0\u00bb force_fullwidth=\u00a0\u00bbon\u00a0\u00bb align_tablet=\u00a0\u00bbcenter\u00a0\u00bb align_phone=\u00a0\u00bb\u00a0\u00bb align_last_edited=\u00a0\u00bbon|desktop\u00a0\u00bb disabled_on=\u00a0\u00bbon|on|on\u00a0\u00bb _builder_version=\u00a0\u00bb4.17.6&Prime; disabled=\u00a0\u00bbon\u00a0\u00bb global_colors_info=\u00a0\u00bb{}\u00a0\u00bb][\/et_pb_image][et_pb_text disabled_on=\u00a0\u00bbon|on|on\u00a0\u00bb admin_label=\u00a0\u00bbEPICENTRE\u00a0\u00bb _builder_version=\u00a0\u00bb4.17.6&Prime; text_font=\u00a0\u00bb||||||||\u00a0\u00bb header_font=\u00a0\u00bbNunito||||||||\u00a0\u00bb header_text_color=\u00a0\u00bb#000000&Prime; custom_margin=\u00a0\u00bb-30px||\u00a0\u00bb custom_padding=\u00a0\u00bb||\u00a0\u00bb link_option_url=\u00a0\u00bbhttps:\/\/rivegauche-magazine.ch\/index.php\/collonge-bellerive\/festival-du-livre-collonge-bellerive\u00a0\u00bb disabled=\u00a0\u00bbon\u00a0\u00bb global_colors_info=\u00a0\u00bb{}\u00a0\u00bb]<\/p>\n<h1 style=\"text-align: right;\">FESTIVAL DU LIVRE<\/h1>\n<p>[\/et_pb_text][\/et_pb_column][et_pb_column type=\u00a0\u00bb1_2&Prime; _builder_version=\u00a0\u00bb4.16&Prime; custom_padding=\u00a0\u00bb|||\u00a0\u00bb global_colors_info=\u00a0\u00bb{}\u00a0\u00bb custom_padding__hover=\u00a0\u00bb|||\u00a0\u00bb][et_pb_image src=\u00a0\u00bbhttps:\/\/rivegauche-magazine.ch\/wp-content\/uploads\/2020\/03\/collonge-copie-1.jpg\u00a0\u00bb title_text=\u00a0\u00bbcollonge copie\u00a0\u00bb url=\u00a0\u00bbhttps:\/\/rivegauche-magazine.ch\/index.php\/evenements-collongebellerive\/\u00a0\u00bb force_fullwidth=\u00a0\u00bbon\u00a0\u00bb align_tablet=\u00a0\u00bbcenter\u00a0\u00bb align_phone=\u00a0\u00bb\u00a0\u00bb align_last_edited=\u00a0\u00bbon|desktop\u00a0\u00bb disabled_on=\u00a0\u00bboff|off|off\u00a0\u00bb _builder_version=\u00a0\u00bb4.17.6&Prime; global_colors_info=\u00a0\u00bb{}\u00a0\u00bb][\/et_pb_image][et_pb_text disabled_on=\u00a0\u00bboff|off|off\u00a0\u00bb admin_label=\u00a0\u00bb\u00c9V\u00c9NEMENTS\u00a0\u00bb _builder_version=\u00a0\u00bb4.17.6&Prime; text_font=\u00a0\u00bb||||||||\u00a0\u00bb header_font=\u00a0\u00bbNunito||||||||\u00a0\u00bb header_text_color=\u00a0\u00bb#000000&Prime; custom_margin=\u00a0\u00bb-30px||\u00a0\u00bb custom_padding=\u00a0\u00bb||\u00a0\u00bb link_option_url=\u00a0\u00bbhttps:\/\/rivegauche-magazine.ch\/index.php\/evenements-collongebellerive\/\u00a0\u00bb global_colors_info=\u00a0\u00bb{}\u00a0\u00bb]<\/p>\n<h1 style=\"text-align: right;\">\u00c9V\u00c9NEMENTS \u00c0<br \/>COLLONGE-BELLERIVE<\/h1>\n<p>[\/et_pb_text][et_pb_image src=\u00a0\u00bbhttps:\/\/rivegauche-magazine.ch\/wp-content\/uploads\/2022\/03\/EPICENTRE_2C.jpg\u00a0\u00bb title_text=\u00a0\u00bbEPICENTRE_2C\u00a0\u00bb url=\u00a0\u00bbhttps:\/\/rivegauche-magazine.ch\/index.php\/collonge-bellerive\/lepicentre\/\u00a0\u00bb force_fullwidth=\u00a0\u00bbon\u00a0\u00bb align_tablet=\u00a0\u00bbcenter\u00a0\u00bb align_phone=\u00a0\u00bb\u00a0\u00bb align_last_edited=\u00a0\u00bbon|desktop\u00a0\u00bb disabled_on=\u00a0\u00bboff|off|off\u00a0\u00bb _builder_version=\u00a0\u00bb4.17.6&Prime; global_colors_info=\u00a0\u00bb{}\u00a0\u00bb][\/et_pb_image][et_pb_text disabled_on=\u00a0\u00bboff|off|off\u00a0\u00bb admin_label=\u00a0\u00bbEPICENTRE\u00a0\u00bb _builder_version=\u00a0\u00bb4.17.6&Prime; text_font=\u00a0\u00bb||||||||\u00a0\u00bb header_font=\u00a0\u00bbNunito||||||||\u00a0\u00bb header_text_color=\u00a0\u00bb#000000&Prime; custom_margin=\u00a0\u00bb-30px||\u00a0\u00bb custom_padding=\u00a0\u00bb||\u00a0\u00bb link_option_url=\u00a0\u00bbhttps:\/\/rivegauche-magazine.ch\/index.php\/collonge-bellerive\/lepicentre\/\u00a0\u00bb global_colors_info=\u00a0\u00bb{}\u00a0\u00bb]<\/p>\n<h1 style=\"text-align: right;\">L&rsquo;\u00c9PICENTRE<\/h1>\n<p>[\/et_pb_text][\/et_pb_column][\/et_pb_row][et_pb_row column_structure=\u00a0\u00bb1_2,1_2&Prime; disabled_on=\u00a0\u00bboff|off|off\u00a0\u00bb admin_label=\u00a0\u00bbBloc rubrique \u00e9v\u00e9nements\u00a0\u00bb _builder_version=\u00a0\u00bb4.16&Prime; custom_padding=\u00a0\u00bb0px|||||\u00a0\u00bb global_colors_info=\u00a0\u00bb{}\u00a0\u00bb][et_pb_column type=\u00a0\u00bb1_2&Prime; _builder_version=\u00a0\u00bb4.16&Prime; custom_padding=\u00a0\u00bb|||\u00a0\u00bb global_colors_info=\u00a0\u00bb{}\u00a0\u00bb custom_padding__hover=\u00a0\u00bb|||\u00a0\u00bb][et_pb_image src=\u00a0\u00bbhttps:\/\/rivegauche-magazine.ch\/wp-content\/uploads\/2022\/07\/Logo-Arvelac-2C.jpg\u00a0\u00bb title_text=\u00a0\u00bbLogo-Arvelac-2C\u00a0\u00bb url=\u00a0\u00bbhttps:\/\/rivegauche-magazine.ch\/index.php\/arvelac\/\u00a0\u00bb force_fullwidth=\u00a0\u00bbon\u00a0\u00bb align_tablet=\u00a0\u00bbcenter\u00a0\u00bb align_phone=\u00a0\u00bb\u00a0\u00bb align_last_edited=\u00a0\u00bbon|desktop\u00a0\u00bb disabled_on=\u00a0\u00bboff|off|off\u00a0\u00bb _builder_version=\u00a0\u00bb4.17.6&Prime; global_colors_info=\u00a0\u00bb{}\u00a0\u00bb][\/et_pb_image][et_pb_text disabled_on=\u00a0\u00bboff|off|off\u00a0\u00bb admin_label=\u00a0\u00bbARVELAC\u00a0\u00bb _builder_version=\u00a0\u00bb4.17.6&Prime; text_font=\u00a0\u00bb||||||||\u00a0\u00bb header_font=\u00a0\u00bbNunito||||||||\u00a0\u00bb header_text_color=\u00a0\u00bb#000000&Prime; custom_margin=\u00a0\u00bb-30px||\u00a0\u00bb custom_padding=\u00a0\u00bb||\u00a0\u00bb link_option_url=\u00a0\u00bbhttps:\/\/rivegauche-magazine.ch\/index.php\/arvelac\/\u00a0\u00bb global_colors_info=\u00a0\u00bb{}\u00a0\u00bb]<\/p>\n<h1 style=\"text-align: right;\">ARV\u00c9LAC FESTIVAL BD<\/h1>\n<p>[\/et_pb_text][\/et_pb_column][et_pb_column type=\u00a0\u00bb1_2&Prime; _builder_version=\u00a0\u00bb4.16&Prime; custom_padding=\u00a0\u00bb|||\u00a0\u00bb global_colors_info=\u00a0\u00bb{}\u00a0\u00bb custom_padding__hover=\u00a0\u00bb|||\u00a0\u00bb][et_pb_image src=\u00a0\u00bbhttps:\/\/rivegauche-magazine.ch\/wp-content\/uploads\/2023\/06\/BELLERIVE_2C.jpg\u00a0\u00bb title_text=\u00a0\u00bbBELLERIVE_2C\u00a0\u00bb url=\u00a0\u00bbhttps:\/\/rivegauche-magazine.ch\/index.php\/collonge-bellerive\/festival-de-bellerive\/\u00a0\u00bb force_fullwidth=\u00a0\u00bbon\u00a0\u00bb align_tablet=\u00a0\u00bbcenter\u00a0\u00bb align_phone=\u00a0\u00bb\u00a0\u00bb align_last_edited=\u00a0\u00bbon|desktop\u00a0\u00bb disabled_on=\u00a0\u00bboff|off|off\u00a0\u00bb _builder_version=\u00a0\u00bb4.17.6&Prime; global_colors_info=\u00a0\u00bb{}\u00a0\u00bb][\/et_pb_image][et_pb_text disabled_on=\u00a0\u00bboff|off|off\u00a0\u00bb admin_label=\u00a0\u00bbFESTIVAL BELLERIVE\u00a0\u00bb _builder_version=\u00a0\u00bb4.17.6&Prime; text_font=\u00a0\u00bb||||||||\u00a0\u00bb header_font=\u00a0\u00bbNunito||||||||\u00a0\u00bb header_text_color=\u00a0\u00bb#000000&Prime; custom_margin=\u00a0\u00bb-30px||\u00a0\u00bb custom_padding=\u00a0\u00bb||\u00a0\u00bb link_option_url=\u00a0\u00bbhttps:\/\/rivegauche-magazine.ch\/index.php\/collonge-bellerive\/festival-de-bellerive\/\u00a0\u00bb global_colors_info=\u00a0\u00bb{}\u00a0\u00bb]<\/p>\n<h1 style=\"text-align: right;\">FESTIVAL DE BELLERIVE<\/h1>\n<p>[\/et_pb_text][\/et_pb_column][\/et_pb_row][\/et_pb_section][et_pb_section fb_built=\u00a0\u00bb1&Prime; disabled_on=\u00a0\u00bboff|off|off\u00a0\u00bb admin_label=\u00a0\u00bbArticles\u00a0\u00bb _builder_version=\u00a0\u00bb4.16&Prime; custom_margin=\u00a0\u00bb||\u00a0\u00bb custom_padding=\u00a0\u00bb0px|||||\u00a0\u00bb global_colors_info=\u00a0\u00bb{}\u00a0\u00bb][et_pb_row _builder_version=\u00a0\u00bb4.16&Prime; global_colors_info=\u00a0\u00bb{}\u00a0\u00bb][et_pb_column type=\u00a0\u00bb4_4&Prime; _builder_version=\u00a0\u00bb4.16&Prime; custom_padding=\u00a0\u00bb|||\u00a0\u00bb global_colors_info=\u00a0\u00bb{}\u00a0\u00bb custom_padding__hover=\u00a0\u00bb|||\u00a0\u00bb][et_pb_divider divider_weight=\u00a0\u00bb13px\u00a0\u00bb _builder_version=\u00a0\u00bb4.16&Prime; width=\u00a0\u00bb180px\u00a0\u00bb custom_padding=\u00a0\u00bb|||50px\u00a0\u00bb global_colors_info=\u00a0\u00bb{}\u00a0\u00bb][\/et_pb_divider][et_pb_divider _builder_version=\u00a0\u00bb4.16&Prime; custom_margin=\u00a0\u00bb-57px||\u00a0\u00bb custom_margin_tablet=\u00a0\u00bb-44px||\u00a0\u00bb custom_margin_phone=\u00a0\u00bb\u00a0\u00bb custom_margin_last_edited=\u00a0\u00bbon|phone\u00a0\u00bb custom_padding=\u00a0\u00bb0px||\u00a0\u00bb global_colors_info=\u00a0\u00bb{}\u00a0\u00bb][\/et_pb_divider][\/et_pb_column][\/et_pb_row][et_pb_row column_structure=\u00a0\u00bb1_2,1_2&Prime; admin_label=\u00a0\u00bbTitre Articles\u00a0\u00bb _builder_version=\u00a0\u00bb4.16&Prime; custom_margin=\u00a0\u00bb||\u00a0\u00bb custom_padding=\u00a0\u00bb0px||0px|||\u00a0\u00bb global_colors_info=\u00a0\u00bb{}\u00a0\u00bb][et_pb_column type=\u00a0\u00bb1_2&Prime; _builder_version=\u00a0\u00bb4.16&Prime; custom_padding=\u00a0\u00bb0px|||\u00a0\u00bb global_colors_info=\u00a0\u00bb{}\u00a0\u00bb custom_padding__hover=\u00a0\u00bb|||\u00a0\u00bb][et_pb_text _builder_version=\u00a0\u00bb4.16&Prime; header_font=\u00a0\u00bbGeorgia||||||||\u00a0\u00bb header_text_color=\u00a0\u00bb#000000&Prime; header_font_size=\u00a0\u00bb48px\u00a0\u00bb custom_margin=\u00a0\u00bb-30px|||50px\u00a0\u00bb header_font_size_tablet=\u00a0\u00bb36px\u00a0\u00bb header_font_size_phone=\u00a0\u00bb24px\u00a0\u00bb header_font_size_last_edited=\u00a0\u00bbon|tablet\u00a0\u00bb global_colors_info=\u00a0\u00bb{}\u00a0\u00bb]<\/p>\n<h1>ARTICLES<\/h1>\n<p>[\/et_pb_text][\/et_pb_column][et_pb_column type=\u00a0\u00bb1_2&Prime; _builder_version=\u00a0\u00bb4.16&Prime; custom_padding=\u00a0\u00bb|||\u00a0\u00bb global_colors_info=\u00a0\u00bb{}\u00a0\u00bb custom_padding__hover=\u00a0\u00bb|||\u00a0\u00bb][et_pb_text _builder_version=\u00a0\u00bb4.16&Prime; text_font=\u00a0\u00bb||||||||\u00a0\u00bb header_font=\u00a0\u00bb||||||||\u00a0\u00bb header_2_font=\u00a0\u00bbTimes New Roman||||||||\u00a0\u00bb global_colors_info=\u00a0\u00bb{}\u00a0\u00bb][\/et_pb_text][\/et_pb_column][\/et_pb_row][\/et_pb_section][et_pb_section fb_built=\u00a0\u00bb1&Prime; disabled_on=\u00a0\u00bboff|off|off\u00a0\u00bb admin_label=\u00a0\u00bbBloc Articles\u00a0\u00bb _builder_version=\u00a0\u00bb4.16&Prime; custom_margin=\u00a0\u00bb||\u00a0\u00bb custom_padding=\u00a0\u00bb0px|||||\u00a0\u00bb global_colors_info=\u00a0\u00bb{}\u00a0\u00bb][et_pb_row column_structure=\u00a0\u00bb1_3,1_3,1_3&Prime; admin_label=\u00a0\u00bbBloc rubrique Articles\u00a0\u00bb _builder_version=\u00a0\u00bb4.16&Prime; custom_padding=\u00a0\u00bb0px|||||\u00a0\u00bb global_colors_info=\u00a0\u00bb{}\u00a0\u00bb][et_pb_column type=\u00a0\u00bb1_3&Prime; _builder_version=\u00a0\u00bb4.16&Prime; custom_padding=\u00a0\u00bb|||\u00a0\u00bb global_colors_info=\u00a0\u00bb{}\u00a0\u00bb custom_padding__hover=\u00a0\u00bb|||\u00a0\u00bb][et_pb_image src=\u00a0\u00bbhttps:\/\/rivegauche-magazine.ch\/wp-content\/uploads\/2025\/07\/ART_PRESTIGE_vignette.jpg\u00a0\u00bb title_text=\u00a0\u00bbART_PRESTIGE_vignette\u00a0\u00bb url=\u00a0\u00bbhttps:\/\/rivegauche-magazine.ch\/index.php\/art-et-prestige-2\/\u00a0\u00bb align_tablet=\u00a0\u00bbcenter\u00a0\u00bb align_phone=\u00a0\u00bb\u00a0\u00bb align_last_edited=\u00a0\u00bbon|desktop\u00a0\u00bb admin_label=\u00a0\u00bbImage\u00a0\u00bb _builder_version=\u00a0\u00bb4.17.6&Prime; global_colors_info=\u00a0\u00bb{}\u00a0\u00bb][\/et_pb_image][et_pb_text admin_label=\u00a0\u00bbLes Trois Bouchons\u00a0\u00bb _builder_version=\u00a0\u00bb4.17.6&Prime; text_font=\u00a0\u00bb||||||||\u00a0\u00bb header_font=\u00a0\u00bbNunito||||||||\u00a0\u00bb header_text_color=\u00a0\u00bb#000000&Prime; custom_margin=\u00a0\u00bb-30px||\u00a0\u00bb custom_padding=\u00a0\u00bb||\u00a0\u00bb link_option_url=\u00a0\u00bbhttps:\/\/rivegauche-magazine.ch\/index.php\/art-et-prestige-2\/\u00a0\u00bb global_colors_info=\u00a0\u00bb{}\u00a0\u00bb]<\/p>\n<h1 style=\"text-align: right;\">ART &amp; PRESTIGE<\/h1>\n<h3 style=\"text-align: right;\">Galerie et objets d&rsquo;Art<\/h3>\n<p>[\/et_pb_text][\/et_pb_column][et_pb_column type=\u00a0\u00bb1_3&Prime; _builder_version=\u00a0\u00bb4.16&Prime; custom_padding=\u00a0\u00bb|||\u00a0\u00bb global_colors_info=\u00a0\u00bb{}\u00a0\u00bb custom_padding__hover=\u00a0\u00bb|||\u00a0\u00bb][et_pb_image src=\u00a0\u00bbhttps:\/\/rivegauche-magazine.ch\/wp-content\/uploads\/2025\/12\/la_recre-1.jpg\u00a0\u00bb title_text=\u00a0\u00bbla_recre\u00a0\u00bb url=\u00a0\u00bbhttps:\/\/rivegauche-magazine.ch\/index.php\/la-recre\/\u00a0\u00bb align_tablet=\u00a0\u00bbcenter\u00a0\u00bb align_phone=\u00a0\u00bb\u00a0\u00bb align_last_edited=\u00a0\u00bbon|desktop\u00a0\u00bb disabled_on=\u00a0\u00bboff|off|off\u00a0\u00bb _builder_version=\u00a0\u00bb4.17.6&Prime; hover_enabled=\u00a0\u00bb0&Prime; global_colors_info=\u00a0\u00bb{}\u00a0\u00bb sticky_enabled=\u00a0\u00bb0&Prime;][\/et_pb_image][et_pb_text disabled_on=\u00a0\u00bboff|off|off\u00a0\u00bb admin_label=\u00a0\u00bbACAD\u00c9MIE DES PETITS\u00a0\u00bb _builder_version=\u00a0\u00bb4.17.6&Prime; text_font=\u00a0\u00bb||||||||\u00a0\u00bb header_font=\u00a0\u00bbNunito||||||||\u00a0\u00bb header_text_color=\u00a0\u00bb#000000&Prime; custom_margin=\u00a0\u00bb-30px||\u00a0\u00bb custom_padding=\u00a0\u00bb||\u00a0\u00bb link_option_url=\u00a0\u00bbhttps:\/\/rivegauche-magazine.ch\/index.php\/la-recre\/\u00a0\u00bb hover_enabled=\u00a0\u00bb0&Prime; global_colors_info=\u00a0\u00bb{}\u00a0\u00bb sticky_enabled=\u00a0\u00bb0&Prime;]<\/p>\n<h1 style=\"text-align: right;\">LA R\u00c9CR\u00c9<\/h1>\n<h3 style=\"text-align: right;\">CAF\u00c9 \/ TEA-ROOM<\/h3>\n<p>[\/et_pb_text][\/et_pb_column][et_pb_column type=\u00a0\u00bb1_3&Prime; _builder_version=\u00a0\u00bb4.16&Prime; custom_padding=\u00a0\u00bb|||\u00a0\u00bb global_colors_info=\u00a0\u00bb{}\u00a0\u00bb custom_padding__hover=\u00a0\u00bb|||\u00a0\u00bb][et_pb_image src=\u00a0\u00bbhttps:\/\/rivegauche-magazine.ch\/wp-content\/uploads\/2025\/07\/butterfly_vignette.jpg\u00a0\u00bb title_text=\u00a0\u00bbbutterfly_vignette\u00a0\u00bb url=\u00a0\u00bbhttps:\/\/rivegauche-magazine.ch\/index.php\/butterfly-coiffure-vesenaz\/\u00a0\u00bb align_tablet=\u00a0\u00bbcenter\u00a0\u00bb align_phone=\u00a0\u00bb\u00a0\u00bb align_last_edited=\u00a0\u00bbon|desktop\u00a0\u00bb disabled_on=\u00a0\u00bbon|on|on\u00a0\u00bb _builder_version=\u00a0\u00bb4.17.6&Prime; disabled=\u00a0\u00bbon\u00a0\u00bb global_colors_info=\u00a0\u00bb{}\u00a0\u00bb][\/et_pb_image][et_pb_text disabled_on=\u00a0\u00bbon|on|on\u00a0\u00bb admin_label=\u00a0\u00bbDE BLEU!\u00a0\u00bb _builder_version=\u00a0\u00bb4.17.6&Prime; text_font=\u00a0\u00bb||||||||\u00a0\u00bb header_font=\u00a0\u00bbNunito||||||||\u00a0\u00bb header_text_color=\u00a0\u00bb#000000&Prime; custom_margin=\u00a0\u00bb-30px||\u00a0\u00bb custom_padding=\u00a0\u00bb||\u00a0\u00bb link_option_url=\u00a0\u00bbhttps:\/\/rivegauche-magazine.ch\/index.php\/butterfly-coiffure-vesenaz\/\u00a0\u00bb disabled=\u00a0\u00bbon\u00a0\u00bb global_colors_info=\u00a0\u00bb{}\u00a0\u00bb]<\/p>\n<h1 style=\"text-align: right;\">BUTTERFLY Coiffure<\/h1>\n<h3 style=\"text-align: right;\">Centre commercial de la Coop V\u00e9senaz<\/h3>\n<p>[\/et_pb_text][\/et_pb_column][\/et_pb_row][et_pb_row column_structure=\u00a0\u00bb1_3,1_3,1_3&Prime; admin_label=\u00a0\u00bbBloc rubrique Articles\u00a0\u00bb _builder_version=\u00a0\u00bb4.16&Prime; custom_padding=\u00a0\u00bb0px|||||\u00a0\u00bb global_colors_info=\u00a0\u00bb{}\u00a0\u00bb][et_pb_column type=\u00a0\u00bb1_3&Prime; _builder_version=\u00a0\u00bb4.16&Prime; custom_padding=\u00a0\u00bb|||\u00a0\u00bb global_colors_info=\u00a0\u00bb{}\u00a0\u00bb custom_padding__hover=\u00a0\u00bb|||\u00a0\u00bb][et_pb_image src=\u00a0\u00bbhttps:\/\/rivegauche-magazine.ch\/wp-content\/uploads\/2024\/12\/1000_parfums.jpg\u00a0\u00bb title_text=\u00a0\u00bb1000_parfums\u00a0\u00bb url=\u00a0\u00bbhttps:\/\/rivegauche-magazine.ch\/index.php\/1000-parfums\/\u00a0\u00bb align_tablet=\u00a0\u00bbcenter\u00a0\u00bb align_phone=\u00a0\u00bb\u00a0\u00bb align_last_edited=\u00a0\u00bbon|desktop\u00a0\u00bb admin_label=\u00a0\u00bbImage\u00a0\u00bb _builder_version=\u00a0\u00bb4.17.6&Prime; global_colors_info=\u00a0\u00bb{}\u00a0\u00bb][\/et_pb_image][et_pb_text admin_label=\u00a0\u00bbLes Trois Bouchons\u00a0\u00bb _builder_version=\u00a0\u00bb4.17.6&Prime; text_font=\u00a0\u00bb||||||||\u00a0\u00bb header_font=\u00a0\u00bbNunito||||||||\u00a0\u00bb header_text_color=\u00a0\u00bb#000000&Prime; custom_margin=\u00a0\u00bb-30px||\u00a0\u00bb custom_padding=\u00a0\u00bb||\u00a0\u00bb link_option_url=\u00a0\u00bbhttps:\/\/rivegauche-magazine.ch\/index.php\/1000-parfums\/\u00a0\u00bb global_colors_info=\u00a0\u00bb{}\u00a0\u00bb]<\/p>\n<h1 style=\"text-align: right;\">1000 PARFUMS<\/h1>\n<h3 style=\"text-align: right;\">SWISS E-SHOP<\/h3>\n<p>[\/et_pb_text][\/et_pb_column][et_pb_column type=\u00a0\u00bb1_3&Prime; _builder_version=\u00a0\u00bb4.16&Prime; custom_padding=\u00a0\u00bb|||\u00a0\u00bb global_colors_info=\u00a0\u00bb{}\u00a0\u00bb custom_padding__hover=\u00a0\u00bb|||\u00a0\u00bb][et_pb_image src=\u00a0\u00bbhttps:\/\/rivegauche-magazine.ch\/wp-content\/uploads\/2025\/04\/ARC_properties.jpg\u00a0\u00bb title_text=\u00a0\u00bbARC_properties\u00a0\u00bb url=\u00a0\u00bbhttps:\/\/rivegauche-magazine.ch\/index.php\/arc-properties\/\u00a0\u00bb align_tablet=\u00a0\u00bbcenter\u00a0\u00bb align_phone=\u00a0\u00bb\u00a0\u00bb align_last_edited=\u00a0\u00bbon|desktop\u00a0\u00bb disabled_on=\u00a0\u00bboff|off|off\u00a0\u00bb _builder_version=\u00a0\u00bb4.17.6&Prime; global_colors_info=\u00a0\u00bb{}\u00a0\u00bb][\/et_pb_image][et_pb_text disabled_on=\u00a0\u00bboff|off|off\u00a0\u00bb admin_label=\u00a0\u00bbACAD\u00c9MIE DES PETITS\u00a0\u00bb _builder_version=\u00a0\u00bb4.17.6&Prime; text_font=\u00a0\u00bb||||||||\u00a0\u00bb header_font=\u00a0\u00bbNunito||||||||\u00a0\u00bb header_text_color=\u00a0\u00bb#000000&Prime; custom_margin=\u00a0\u00bb-30px||\u00a0\u00bb custom_padding=\u00a0\u00bb||\u00a0\u00bb link_option_url=\u00a0\u00bbhttps:\/\/rivegauche-magazine.ch\/index.php\/arc-properties\/\u00a0\u00bb global_colors_info=\u00a0\u00bb{}\u00a0\u00bb]<\/p>\n<h1 style=\"text-align: right;\">ARC PROPERTIES<\/h1>\n<h3 style=\"text-align: right;\">Courtage \/ Acquisition \/ Promotion<\/h3>\n<p>[\/et_pb_text][\/et_pb_column][et_pb_column type=\u00a0\u00bb1_3&Prime; _builder_version=\u00a0\u00bb4.16&Prime; custom_padding=\u00a0\u00bb|||\u00a0\u00bb global_colors_info=\u00a0\u00bb{}\u00a0\u00bb custom_padding__hover=\u00a0\u00bb|||\u00a0\u00bb][et_pb_image src=\u00a0\u00bbhttps:\/\/rivegauche-magazine.ch\/wp-content\/uploads\/2025\/07\/butterfly_vignette.jpg\u00a0\u00bb title_text=\u00a0\u00bbbutterfly_vignette\u00a0\u00bb url=\u00a0\u00bbhttps:\/\/rivegauche-magazine.ch\/index.php\/butterfly-coiffure-vesenaz\/\u00a0\u00bb align_tablet=\u00a0\u00bbcenter\u00a0\u00bb align_phone=\u00a0\u00bb\u00a0\u00bb align_last_edited=\u00a0\u00bbon|desktop\u00a0\u00bb disabled_on=\u00a0\u00bboff|off|off\u00a0\u00bb _builder_version=\u00a0\u00bb4.17.6&Prime; global_colors_info=\u00a0\u00bb{}\u00a0\u00bb][\/et_pb_image][et_pb_text disabled_on=\u00a0\u00bboff|off|off\u00a0\u00bb admin_label=\u00a0\u00bbDE BLEU!\u00a0\u00bb _builder_version=\u00a0\u00bb4.17.6&Prime; text_font=\u00a0\u00bb||||||||\u00a0\u00bb header_font=\u00a0\u00bbNunito||||||||\u00a0\u00bb header_text_color=\u00a0\u00bb#000000&Prime; custom_margin=\u00a0\u00bb-30px||\u00a0\u00bb custom_padding=\u00a0\u00bb||\u00a0\u00bb link_option_url=\u00a0\u00bbhttps:\/\/rivegauche-magazine.ch\/index.php\/butterfly-coiffure-vesenaz\/\u00a0\u00bb global_colors_info=\u00a0\u00bb{}\u00a0\u00bb]<\/p>\n<h1 style=\"text-align: right;\">BUTTERFLY Coiffure<\/h1>\n<h3 style=\"text-align: right;\">Centre commercial de la Coop V\u00e9senaz<\/h3>\n<p>[\/et_pb_text][\/et_pb_column][\/et_pb_row][et_pb_row column_structure=\u00a0\u00bb1_3,1_3,1_3&Prime; admin_label=\u00a0\u00bbBloc rubrique Articles\u00a0\u00bb _builder_version=\u00a0\u00bb4.16&Prime; custom_padding=\u00a0\u00bb0px|||||\u00a0\u00bb global_colors_info=\u00a0\u00bb{}\u00a0\u00bb][et_pb_column type=\u00a0\u00bb1_3&Prime; _builder_version=\u00a0\u00bb4.16&Prime; custom_padding=\u00a0\u00bb|||\u00a0\u00bb global_colors_info=\u00a0\u00bb{}\u00a0\u00bb custom_padding__hover=\u00a0\u00bb|||\u00a0\u00bb][et_pb_image src=\u00a0\u00bbhttps:\/\/rivegauche-magazine.ch\/wp-content\/uploads\/2024\/11\/trois_bouchons.png\u00a0\u00bb title_text=\u00a0\u00bbtrois_bouchons\u00a0\u00bb url=\u00a0\u00bbhttps:\/\/rivegauche-magazine.ch\/index.php\/gastronomie-shop\/3-bouchons\/\u00a0\u00bb align_tablet=\u00a0\u00bbcenter\u00a0\u00bb align_phone=\u00a0\u00bb\u00a0\u00bb align_last_edited=\u00a0\u00bbon|desktop\u00a0\u00bb admin_label=\u00a0\u00bbImage\u00a0\u00bb _builder_version=\u00a0\u00bb4.17.6&Prime; global_colors_info=\u00a0\u00bb{}\u00a0\u00bb][\/et_pb_image][et_pb_text admin_label=\u00a0\u00bbLes Trois Bouchons\u00a0\u00bb _builder_version=\u00a0\u00bb4.17.6&Prime; text_font=\u00a0\u00bb||||||||\u00a0\u00bb header_font=\u00a0\u00bbNunito||||||||\u00a0\u00bb header_text_color=\u00a0\u00bb#000000&Prime; custom_margin=\u00a0\u00bb-30px||\u00a0\u00bb custom_padding=\u00a0\u00bb||\u00a0\u00bb link_option_url=\u00a0\u00bbhttps:\/\/rivegauche-magazine.ch\/index.php\/gastronomie-shop\/3-bouchons\/\u00a0\u00bb global_colors_info=\u00a0\u00bb{}\u00a0\u00bb]<\/p>\n<h1 style=\"text-align: right;\">Les Trois Bouchons<\/h1>\n<h3 style=\"text-align: right;\">Vins, Champagnes et spiritueux<\/h3>\n<p>[\/et_pb_text][\/et_pb_column][et_pb_column type=\u00a0\u00bb1_3&Prime; _builder_version=\u00a0\u00bb4.16&Prime; custom_padding=\u00a0\u00bb|||\u00a0\u00bb global_colors_info=\u00a0\u00bb{}\u00a0\u00bb custom_padding__hover=\u00a0\u00bb|||\u00a0\u00bb][et_pb_image src=\u00a0\u00bbhttps:\/\/rivegauche-magazine.ch\/wp-content\/uploads\/2024\/07\/infinity.jpg\u00a0\u00bb title_text=\u00a0\u00bbinfinity\u00a0\u00bb url=\u00a0\u00bbhttps:\/\/rivegauche-magazine.ch\/index.php\/infinity-beauty\/\u00a0\u00bb align_tablet=\u00a0\u00bbcenter\u00a0\u00bb align_phone=\u00a0\u00bb\u00a0\u00bb align_last_edited=\u00a0\u00bbon|desktop\u00a0\u00bb _builder_version=\u00a0\u00bb4.17.6&Prime; global_colors_info=\u00a0\u00bb{}\u00a0\u00bb][\/et_pb_image][et_pb_text admin_label=\u00a0\u00bbACAD\u00c9MIE DES PETITS\u00a0\u00bb _builder_version=\u00a0\u00bb4.17.6&Prime; text_font=\u00a0\u00bb||||||||\u00a0\u00bb header_font=\u00a0\u00bbNunito||||||||\u00a0\u00bb header_text_color=\u00a0\u00bb#000000&Prime; custom_margin=\u00a0\u00bb-30px||\u00a0\u00bb custom_padding=\u00a0\u00bb||\u00a0\u00bb link_option_url=\u00a0\u00bbhttps:\/\/rivegauche-magazine.ch\/index.php\/infinity-beauty\/\u00a0\u00bb global_colors_info=\u00a0\u00bb{}\u00a0\u00bb]<\/p>\n<h1 style=\"text-align: right;\">Infinity<\/h1>\n<h3 style=\"text-align: right;\">Beauty &amp; Health<\/h3>\n<p>[\/et_pb_text][\/et_pb_column][et_pb_column type=\u00a0\u00bb1_3&Prime; _builder_version=\u00a0\u00bb4.16&Prime; custom_padding=\u00a0\u00bb|||\u00a0\u00bb global_colors_info=\u00a0\u00bb{}\u00a0\u00bb custom_padding__hover=\u00a0\u00bb|||\u00a0\u00bb][et_pb_image src=\u00a0\u00bbhttps:\/\/rivegauche-magazine.ch\/wp-content\/uploads\/2024\/11\/institut_medical_vesenaz.png\u00a0\u00bb title_text=\u00a0\u00bbinstitut_medical_vesenaz\u00a0\u00bb url=\u00a0\u00bbhttps:\/\/rivegauche-magazine.ch\/index.php\/centre-medical-vesenaz\/\u00a0\u00bb align_tablet=\u00a0\u00bbcenter\u00a0\u00bb align_phone=\u00a0\u00bb\u00a0\u00bb align_last_edited=\u00a0\u00bbon|desktop\u00a0\u00bb _builder_version=\u00a0\u00bb4.17.6&Prime; global_colors_info=\u00a0\u00bb{}\u00a0\u00bb][\/et_pb_image][et_pb_text admin_label=\u00a0\u00bbDE BLEU!\u00a0\u00bb _builder_version=\u00a0\u00bb4.17.6&Prime; text_font=\u00a0\u00bb||||||||\u00a0\u00bb header_font=\u00a0\u00bbNunito||||||||\u00a0\u00bb header_text_color=\u00a0\u00bb#000000&Prime; custom_margin=\u00a0\u00bb-30px||\u00a0\u00bb custom_padding=\u00a0\u00bb||\u00a0\u00bb link_option_url=\u00a0\u00bbhttps:\/\/rivegauche-magazine.ch\/index.php\/centre-medical-vesenaz\/\u00a0\u00bb global_colors_info=\u00a0\u00bb{}\u00a0\u00bb]<\/p>\n<h1 style=\"text-align: right;\">Centre M\u00e9dical V\u00e9senaz<\/h1>\n<h3 style=\"text-align: right;\">M\u00e9decine g\u00e9n\u00e9rale &#8211; P\u00e9diatrie &#8211; Sp\u00e9cialiste<\/h3>\n<p>[\/et_pb_text][\/et_pb_column][\/et_pb_row][et_pb_row column_structure=\u00a0\u00bb1_3,1_3,1_3&Prime; admin_label=\u00a0\u00bbBloc rubrique Articles\u00a0\u00bb _builder_version=\u00a0\u00bb4.16&Prime; custom_padding=\u00a0\u00bb0px|||||\u00a0\u00bb global_colors_info=\u00a0\u00bb{}\u00a0\u00bb][et_pb_column type=\u00a0\u00bb1_3&Prime; _builder_version=\u00a0\u00bb4.16&Prime; custom_padding=\u00a0\u00bb|||\u00a0\u00bb global_colors_info=\u00a0\u00bb{}\u00a0\u00bb custom_padding__hover=\u00a0\u00bb|||\u00a0\u00bb][et_pb_image src=\u00a0\u00bbhttps:\/\/rivegauche-magazine.ch\/wp-content\/uploads\/2024\/03\/motorisation_GE.jpg\u00a0\u00bb title_text=\u00a0\u00bbmotorisation_GE\u00a0\u00bb url=\u00a0\u00bbhttps:\/\/rivegauche-magazine.ch\/index.php\/motorisation-ge\/\u00a0\u00bb align_tablet=\u00a0\u00bbcenter\u00a0\u00bb align_phone=\u00a0\u00bb\u00a0\u00bb align_last_edited=\u00a0\u00bbon|desktop\u00a0\u00bb admin_label=\u00a0\u00bbImage\u00a0\u00bb _builder_version=\u00a0\u00bb4.17.6&Prime; global_colors_info=\u00a0\u00bb{}\u00a0\u00bb][\/et_pb_image][et_pb_text admin_label=\u00a0\u00bbGREEN ART\u00a0\u00bb _builder_version=\u00a0\u00bb4.17.6&Prime; text_font=\u00a0\u00bb||||||||\u00a0\u00bb header_font=\u00a0\u00bbNunito||||||||\u00a0\u00bb header_text_color=\u00a0\u00bb#000000&Prime; custom_margin=\u00a0\u00bb-30px||\u00a0\u00bb custom_padding=\u00a0\u00bb||\u00a0\u00bb link_option_url=\u00a0\u00bbhttps:\/\/rivegauche-magazine.ch\/index.php\/motorisation-ge\/\u00a0\u00bb global_colors_info=\u00a0\u00bb{}\u00a0\u00bb]<\/p>\n<h1 style=\"text-align: right;\">MOTORISATION GE<\/h1>\n<h3 style=\"text-align: right;\">Portails et portes de garage &#8211; D\u00e9pannage<\/h3>\n<p>[\/et_pb_text][\/et_pb_column][et_pb_column type=\u00a0\u00bb1_3&Prime; _builder_version=\u00a0\u00bb4.16&Prime; custom_padding=\u00a0\u00bb|||\u00a0\u00bb global_colors_info=\u00a0\u00bb{}\u00a0\u00bb custom_padding__hover=\u00a0\u00bb|||\u00a0\u00bb][et_pb_image src=\u00a0\u00bbhttps:\/\/rivegauche-magazine.ch\/wp-content\/uploads\/2024\/03\/clic_zen.jpg\u00a0\u00bb title_text=\u00a0\u00bbclic_zen\u00a0\u00bb url=\u00a0\u00bbhttps:\/\/rivegauche-magazine.ch\/index.php\/gva-building\/\u00a0\u00bb align_tablet=\u00a0\u00bbcenter\u00a0\u00bb align_phone=\u00a0\u00bb\u00a0\u00bb align_last_edited=\u00a0\u00bbon|desktop\u00a0\u00bb _builder_version=\u00a0\u00bb4.17.6&Prime; global_colors_info=\u00a0\u00bb{}\u00a0\u00bb][\/et_pb_image][et_pb_text admin_label=\u00a0\u00bbACAD\u00c9MIE DES PETITS\u00a0\u00bb _builder_version=\u00a0\u00bb4.17.6&Prime; text_font=\u00a0\u00bb||||||||\u00a0\u00bb header_font=\u00a0\u00bbNunito||||||||\u00a0\u00bb header_text_color=\u00a0\u00bb#000000&Prime; custom_margin=\u00a0\u00bb-30px||\u00a0\u00bb custom_padding=\u00a0\u00bb||\u00a0\u00bb link_option_url=\u00a0\u00bbhttps:\/\/rivegauche-magazine.ch\/index.php\/gva-building\/\u00a0\u00bb global_colors_info=\u00a0\u00bb{}\u00a0\u00bb]<\/p>\n<h1 style=\"text-align: right;\">CLIC ZEN<\/h1>\n<h3 style=\"text-align: right;\">Solutions informatique et d\u00e9pannage<\/h3>\n<p>[\/et_pb_text][\/et_pb_column][et_pb_column type=\u00a0\u00bb1_3&Prime; _builder_version=\u00a0\u00bb4.16&Prime; custom_padding=\u00a0\u00bb|||\u00a0\u00bb global_colors_info=\u00a0\u00bb{}\u00a0\u00bb custom_padding__hover=\u00a0\u00bb|||\u00a0\u00bb][et_pb_image src=\u00a0\u00bbhttps:\/\/rivegauche-magazine.ch\/wp-content\/uploads\/2024\/03\/RG_immo.jpg\u00a0\u00bb title_text=\u00a0\u00bbRG_immo\u00a0\u00bb url=\u00a0\u00bbhttps:\/\/rivegauche-magazine.ch\/index.php\/rg-immo\/\u00a0\u00bb align_tablet=\u00a0\u00bbcenter\u00a0\u00bb align_phone=\u00a0\u00bb\u00a0\u00bb align_last_edited=\u00a0\u00bbon|desktop\u00a0\u00bb _builder_version=\u00a0\u00bb4.17.6&Prime; global_colors_info=\u00a0\u00bb{}\u00a0\u00bb][\/et_pb_image][et_pb_text admin_label=\u00a0\u00bbDE BLEU!\u00a0\u00bb _builder_version=\u00a0\u00bb4.17.6&Prime; text_font=\u00a0\u00bb||||||||\u00a0\u00bb header_font=\u00a0\u00bbNunito||||||||\u00a0\u00bb header_text_color=\u00a0\u00bb#000000&Prime; custom_margin=\u00a0\u00bb-30px||\u00a0\u00bb custom_padding=\u00a0\u00bb||\u00a0\u00bb link_option_url=\u00a0\u00bbhttps:\/\/rivegauche-magazine.ch\/index.php\/rg-immo\/\u00a0\u00bb global_colors_info=\u00a0\u00bb{}\u00a0\u00bb]<\/p>\n<h1 style=\"text-align: right;\">RGIMMO<\/h1>\n<h3 style=\"text-align: right;\">R\u00e9gie genevoise immobili\u00e8re<\/h3>\n<p>[\/et_pb_text][\/et_pb_column][\/et_pb_row][et_pb_row column_structure=\u00a0\u00bb1_3,1_3,1_3&Prime; admin_label=\u00a0\u00bbBloc rubrique Articles\u00a0\u00bb _builder_version=\u00a0\u00bb4.16&Prime; custom_padding=\u00a0\u00bb0px|||||\u00a0\u00bb global_colors_info=\u00a0\u00bb{}\u00a0\u00bb][et_pb_column type=\u00a0\u00bb1_3&Prime; _builder_version=\u00a0\u00bb4.16&Prime; custom_padding=\u00a0\u00bb|||\u00a0\u00bb global_colors_info=\u00a0\u00bb{}\u00a0\u00bb custom_padding__hover=\u00a0\u00bb|||\u00a0\u00bb][et_pb_image src=\u00a0\u00bbhttps:\/\/rivegauche-magazine.ch\/wp-content\/uploads\/2021\/06\/3C_SERGE.jpg\u00a0\u00bb title_text=\u00a0\u00bb3C_SERGE\u00a0\u00bb url=\u00a0\u00bbhttps:\/\/rivegauche-magazine.ch\/index.php\/collonge-bellerive\/serge-barraud\/\u00a0\u00bb force_fullwidth=\u00a0\u00bbon\u00a0\u00bb align_tablet=\u00a0\u00bbcenter\u00a0\u00bb align_phone=\u00a0\u00bb\u00a0\u00bb align_last_edited=\u00a0\u00bbon|desktop\u00a0\u00bb _builder_version=\u00a0\u00bb4.16&Prime; global_colors_info=\u00a0\u00bb{}\u00a0\u00bb][\/et_pb_image][et_pb_text admin_label=\u00a0\u00bbSERGE BARRAUD\u00a0\u00bb _builder_version=\u00a0\u00bb4.16&Prime; text_font=\u00a0\u00bb||||||||\u00a0\u00bb header_font=\u00a0\u00bbNunito||||||||\u00a0\u00bb header_text_color=\u00a0\u00bb#000000&Prime; custom_margin=\u00a0\u00bb-30px||\u00a0\u00bb custom_padding=\u00a0\u00bb||\u00a0\u00bb link_option_url=\u00a0\u00bbhttps:\/\/rivegauche-magazine.ch\/index.php\/collonge-bellerive\/serge-barraud\/\u00a0\u00bb global_colors_info=\u00a0\u00bb{}\u00a0\u00bb]<\/p>\n<h1 style=\"text-align: right;\">SERGE BARRAUD<\/h1>\n<h3 style=\"text-align: right;\">Consultant en comptabilit\u00e9 et gestion<\/h3>\n<p>[\/et_pb_text][\/et_pb_column][et_pb_column type=\u00a0\u00bb1_3&Prime; _builder_version=\u00a0\u00bb4.16&Prime; custom_padding=\u00a0\u00bb|||\u00a0\u00bb global_colors_info=\u00a0\u00bb{}\u00a0\u00bb custom_padding__hover=\u00a0\u00bb|||\u00a0\u00bb][et_pb_image src=\u00a0\u00bbhttps:\/\/rivegauche-magazine.ch\/wp-content\/uploads\/2021\/12\/Cerruti-giannasi-vignette.jpg\u00a0\u00bb title_text=\u00a0\u00bbCerruti-giannasi-vignette\u00a0\u00bb url=\u00a0\u00bbhttps:\/\/rivegauche-magazine.ch\/index.php\/artisans-commercants\/cerutti-et-giannasi\/\u00a0\u00bb force_fullwidth=\u00a0\u00bbon\u00a0\u00bb align_tablet=\u00a0\u00bbcenter\u00a0\u00bb align_phone=\u00a0\u00bb\u00a0\u00bb align_last_edited=\u00a0\u00bbon|desktop\u00a0\u00bb _builder_version=\u00a0\u00bb4.16&Prime; global_colors_info=\u00a0\u00bb{}\u00a0\u00bb][\/et_pb_image][et_pb_text admin_label=\u00a0\u00bbCERUTTI\u00a0\u00bb _builder_version=\u00a0\u00bb4.16&Prime; text_font=\u00a0\u00bb||||||||\u00a0\u00bb header_font=\u00a0\u00bbNunito||||||||\u00a0\u00bb header_text_color=\u00a0\u00bb#000000&Prime; custom_margin=\u00a0\u00bb-30px||\u00a0\u00bb custom_padding=\u00a0\u00bb||\u00a0\u00bb link_option_url=\u00a0\u00bbhttps:\/\/rivegauche-magazine.ch\/index.php\/artisans-commercants\/cerutti-et-giannasi\/\u00a0\u00bb global_colors_info=\u00a0\u00bb{}\u00a0\u00bb]<\/p>\n<h1 style=\"text-align: right;\">CERUTTI &amp; GIANNASI<\/h1>\n<h3 style=\"text-align: right;\">\u00c9lectricit\u00e9 &#8211; T\u00e9l\u00e9phone &#8211; Informatique<\/h3>\n<p>[\/et_pb_text][\/et_pb_column][et_pb_column type=\u00a0\u00bb1_3&Prime; _builder_version=\u00a0\u00bb4.16&Prime; custom_padding=\u00a0\u00bb|||\u00a0\u00bb global_colors_info=\u00a0\u00bb{}\u00a0\u00bb custom_padding__hover=\u00a0\u00bb|||\u00a0\u00bb][et_pb_image src=\u00a0\u00bbhttps:\/\/rivegauche-magazine.ch\/wp-content\/uploads\/2021\/04\/3C_ROYALJARDIN.jpg\u00a0\u00bb title_text=\u00a0\u00bb3C_ROYALJARDIN\u00a0\u00bb url=\u00a0\u00bbhttps:\/\/rivegauche-magazine.ch\/index.php\/nature-services\/royal-jardin\/\u00a0\u00bb force_fullwidth=\u00a0\u00bbon\u00a0\u00bb align_tablet=\u00a0\u00bbcenter\u00a0\u00bb align_phone=\u00a0\u00bb\u00a0\u00bb align_last_edited=\u00a0\u00bbon|desktop\u00a0\u00bb _builder_version=\u00a0\u00bb4.17.1&Prime; global_colors_info=\u00a0\u00bb{}\u00a0\u00bb][\/et_pb_image][et_pb_text admin_label=\u00a0\u00bbROYAL JARDIN\u00a0\u00bb _builder_version=\u00a0\u00bb4.16&Prime; text_font=\u00a0\u00bb||||||||\u00a0\u00bb header_font=\u00a0\u00bbNunito||||||||\u00a0\u00bb header_text_color=\u00a0\u00bb#000000&Prime; custom_margin=\u00a0\u00bb-30px||\u00a0\u00bb custom_padding=\u00a0\u00bb||\u00a0\u00bb link_option_url=\u00a0\u00bbhttps:\/\/rivegauche-magazine.ch\/index.php\/nature-services\/royal-jardin\/\u00a0\u00bb global_colors_info=\u00a0\u00bb{}\u00a0\u00bb]<\/p>\n<h1 style=\"text-align: right;\">ROYAL JARDIN<\/h1>\n<h3 style=\"text-align: right;\">Paysagisme &#8211; am\u00e9nagements<br \/>entretien d&rsquo;ext\u00e9rieur<\/h3>\n<p>[\/et_pb_text][\/et_pb_column][\/et_pb_row][et_pb_row column_structure=\u00a0\u00bb1_3,1_3,1_3&Prime; admin_label=\u00a0\u00bbBloc rubrique Articles\u00a0\u00bb _builder_version=\u00a0\u00bb4.16&Prime; custom_padding=\u00a0\u00bb0px|||||\u00a0\u00bb global_colors_info=\u00a0\u00bb{}\u00a0\u00bb][et_pb_column type=\u00a0\u00bb1_3&Prime; _builder_version=\u00a0\u00bb4.16&Prime; custom_padding=\u00a0\u00bb|||\u00a0\u00bb global_colors_info=\u00a0\u00bb{}\u00a0\u00bb custom_padding__hover=\u00a0\u00bb|||\u00a0\u00bb][et_pb_image src=\u00a0\u00bbhttps:\/\/rivegauche-magazine.ch\/wp-content\/uploads\/2020\/03\/ORTHOSCHOOL.jpg\u00a0\u00bb url=\u00a0\u00bbhttps:\/\/rivegauche-magazine.ch\/index.php\/culture-ecole\/ortho-school\/\u00a0\u00bb align_tablet=\u00a0\u00bbcenter\u00a0\u00bb align_phone=\u00a0\u00bb\u00a0\u00bb align_last_edited=\u00a0\u00bbon|desktop\u00a0\u00bb _builder_version=\u00a0\u00bb4.16&Prime; global_colors_info=\u00a0\u00bb{}\u00a0\u00bb][\/et_pb_image][et_pb_text admin_label=\u00a0\u00bbORTHO&rsquo;SCHOOL\u00a0\u00bb _builder_version=\u00a0\u00bb4.16&Prime; text_font=\u00a0\u00bb||||||||\u00a0\u00bb header_font=\u00a0\u00bbNunito||||||||\u00a0\u00bb header_text_color=\u00a0\u00bb#000000&Prime; custom_margin=\u00a0\u00bb-30px||\u00a0\u00bb custom_padding=\u00a0\u00bb||\u00a0\u00bb link_option_url=\u00a0\u00bbhttps:\/\/rivegauche-magazine.ch\/index.php\/culture-ecole\/ortho-school\/\u00a0\u00bb global_colors_info=\u00a0\u00bb{}\u00a0\u00bb]<\/p>\n<h1 style=\"text-align: right;\">ORTHO&rsquo;SCHOOL<\/h1>\n<h3 style=\"text-align: right;\">\u00c9ducation et p\u00e9dagogie<\/h3>\n<p>[\/et_pb_text][\/et_pb_column][et_pb_column type=\u00a0\u00bb1_3&Prime; _builder_version=\u00a0\u00bb4.16&Prime; custom_padding=\u00a0\u00bb|||\u00a0\u00bb global_colors_info=\u00a0\u00bb{}\u00a0\u00bb custom_padding__hover=\u00a0\u00bb|||\u00a0\u00bb][et_pb_image src=\u00a0\u00bbhttps:\/\/rivegauche-magazine.ch\/wp-content\/uploads\/2022\/07\/ECOLE-ART-TAOISTE_PETITE.jpg\u00a0\u00bb title_text=\u00a0\u00bbECOLE-ART-TAOISTE_PETITE\u00a0\u00bb url=\u00a0\u00bbhttps:\/\/rivegauche-magazine.ch\/index.php\/ecole-darts-taoistes\/\u00a0\u00bb align_tablet=\u00a0\u00bbcenter\u00a0\u00bb align_phone=\u00a0\u00bb\u00a0\u00bb align_last_edited=\u00a0\u00bbon|desktop\u00a0\u00bb _builder_version=\u00a0\u00bb4.17.1&Prime; global_colors_info=\u00a0\u00bb{}\u00a0\u00bb][\/et_pb_image][et_pb_text admin_label=\u00a0\u00bbECOLE D&rsquo;ARTS TAOISTES\u00a0\u00bb _builder_version=\u00a0\u00bb4.17.1&Prime; text_font=\u00a0\u00bb||||||||\u00a0\u00bb header_font=\u00a0\u00bbNunito||||||||\u00a0\u00bb header_text_color=\u00a0\u00bb#000000&Prime; custom_margin=\u00a0\u00bb-30px||\u00a0\u00bb custom_padding=\u00a0\u00bb||\u00a0\u00bb link_option_url=\u00a0\u00bbhttps:\/\/rivegauche-magazine.ch\/index.php\/ecole-darts-taoistes\/\u00a0\u00bb global_colors_info=\u00a0\u00bb{}\u00a0\u00bb]<\/p>\n<h1 style=\"text-align: right;\">\u00c9COLE D&rsquo;ARTS TAO\u00cfSTES<\/h1>\n<h3 style=\"text-align: right;\">Un chemin d&rsquo;harmonie<\/h3>\n<p>[\/et_pb_text][\/et_pb_column][et_pb_column type=\u00a0\u00bb1_3&Prime; _builder_version=\u00a0\u00bb4.16&Prime; custom_padding=\u00a0\u00bb|||\u00a0\u00bb global_colors_info=\u00a0\u00bb{}\u00a0\u00bb custom_padding__hover=\u00a0\u00bb|||\u00a0\u00bb][et_pb_image src=\u00a0\u00bbhttps:\/\/rivegauche-magazine.ch\/wp-content\/uploads\/2024\/04\/bistro-fer.cheval-logo.png\u00a0\u00bb title_text=\u00a0\u00bbbistro-fer.cheval-logo\u00a0\u00bb url=\u00a0\u00bbhttps:\/\/rivegauche-magazine.ch\/index.php\/bistro-fer-cheval\u00a0\u00bb align_tablet=\u00a0\u00bbcenter\u00a0\u00bb align_phone=\u00a0\u00bb\u00a0\u00bb align_last_edited=\u00a0\u00bbon|desktop\u00a0\u00bb _builder_version=\u00a0\u00bb4.17.6&Prime; global_colors_info=\u00a0\u00bb{}\u00a0\u00bb][\/et_pb_image][et_pb_text admin_label=\u00a0\u00bbECOLE D&rsquo;ARTS TAOISTES\u00a0\u00bb _builder_version=\u00a0\u00bb4.17.6&Prime; text_font=\u00a0\u00bb||||||||\u00a0\u00bb header_font=\u00a0\u00bbNunito||||||||\u00a0\u00bb header_text_color=\u00a0\u00bb#000000&Prime; custom_margin=\u00a0\u00bb-30px||\u00a0\u00bb custom_padding=\u00a0\u00bb||\u00a0\u00bb link_option_url=\u00a0\u00bbhttps:\/\/rivegauche-magazine.ch\/index.php\/bistro-fer-cheval\u00a0\u00bb global_colors_info=\u00a0\u00bb{}\u00a0\u00bb]<\/p>\n<h1 style=\"text-align: right;\">BISTROT DU FER A CHEVAL<\/h1>\n<p>[\/et_pb_text][\/et_pb_column][\/et_pb_row][et_pb_row column_structure=\u00a0\u00bb1_3,1_3,1_3&Prime; admin_label=\u00a0\u00bbBloc rubrique Articles\u00a0\u00bb _builder_version=\u00a0\u00bb4.16&Prime; custom_padding=\u00a0\u00bb0px|||||\u00a0\u00bb global_colors_info=\u00a0\u00bb{}\u00a0\u00bb][et_pb_column type=\u00a0\u00bb1_3&Prime; _builder_version=\u00a0\u00bb4.16&Prime; custom_padding=\u00a0\u00bb|||\u00a0\u00bb global_colors_info=\u00a0\u00bb{}\u00a0\u00bb custom_padding__hover=\u00a0\u00bb|||\u00a0\u00bb][et_pb_image src=\u00a0\u00bbhttps:\/\/rivegauche-magazine.ch\/wp-content\/uploads\/2024\/03\/moderne_jardins.jpg\u00a0\u00bb title_text=\u00a0\u00bbmoderne_jardins\u00a0\u00bb url=\u00a0\u00bbhttps:\/\/rivegauche-magazine.ch\/index.php\/moderne-jardins-concept\/\u00a0\u00bb align_tablet=\u00a0\u00bbcenter\u00a0\u00bb align_phone=\u00a0\u00bb\u00a0\u00bb align_last_edited=\u00a0\u00bbon|desktop\u00a0\u00bb admin_label=\u00a0\u00bbImage\u00a0\u00bb _builder_version=\u00a0\u00bb4.17.6&Prime; global_colors_info=\u00a0\u00bb{}\u00a0\u00bb][\/et_pb_image][et_pb_text admin_label=\u00a0\u00bbGREEN ART\u00a0\u00bb _builder_version=\u00a0\u00bb4.17.6&Prime; text_font=\u00a0\u00bb||||||||\u00a0\u00bb header_font=\u00a0\u00bbNunito||||||||\u00a0\u00bb header_text_color=\u00a0\u00bb#000000&Prime; custom_margin=\u00a0\u00bb-30px||\u00a0\u00bb custom_padding=\u00a0\u00bb||\u00a0\u00bb link_option_url=\u00a0\u00bbhttps:\/\/rivegauche-magazine.ch\/index.php\/moderne-jardins-concept\/\u00a0\u00bb global_colors_info=\u00a0\u00bb{}\u00a0\u00bb]<\/p>\n<h1 style=\"text-align: right;\">MODERNE JARDINS CONCEPT<\/h1>\n<h3 style=\"text-align: right;\">Am\u00e9nagements ext\u00e9rieurs<\/h3>\n<p>[\/et_pb_text][\/et_pb_column][et_pb_column type=\u00a0\u00bb1_3&Prime; _builder_version=\u00a0\u00bb4.16&Prime; custom_padding=\u00a0\u00bb|||\u00a0\u00bb global_colors_info=\u00a0\u00bb{}\u00a0\u00bb custom_padding__hover=\u00a0\u00bb|||\u00a0\u00bb][et_pb_image src=\u00a0\u00bbhttps:\/\/rivegauche-magazine.ch\/wp-content\/uploads\/2024\/03\/GVA_building.jpg\u00a0\u00bb title_text=\u00a0\u00bbGVA_building\u00a0\u00bb url=\u00a0\u00bbhttps:\/\/rivegauche-magazine.ch\/index.php\/gva-building\/\u00a0\u00bb align_tablet=\u00a0\u00bbcenter\u00a0\u00bb align_phone=\u00a0\u00bb\u00a0\u00bb align_last_edited=\u00a0\u00bbon|desktop\u00a0\u00bb _builder_version=\u00a0\u00bb4.17.6&Prime; global_colors_info=\u00a0\u00bb{}\u00a0\u00bb][\/et_pb_image][et_pb_text admin_label=\u00a0\u00bbACAD\u00c9MIE DES PETITS\u00a0\u00bb _builder_version=\u00a0\u00bb4.17.6&Prime; text_font=\u00a0\u00bb||||||||\u00a0\u00bb header_font=\u00a0\u00bbNunito||||||||\u00a0\u00bb header_text_color=\u00a0\u00bb#000000&Prime; custom_margin=\u00a0\u00bb-30px||\u00a0\u00bb custom_padding=\u00a0\u00bb||\u00a0\u00bb link_option_url=\u00a0\u00bbhttps:\/\/rivegauche-magazine.ch\/index.php\/gva-building\/\u00a0\u00bb global_colors_info=\u00a0\u00bb{}\u00a0\u00bb]<\/p>\n<h1 style=\"text-align: right;\">GVA BUILDING<\/h1>\n<h3 style=\"text-align: right;\">Pompes \u00e0 chaleur et transition \u00e9nerg\u00e9tique<\/h3>\n<p>[\/et_pb_text][\/et_pb_column][et_pb_column type=\u00a0\u00bb1_3&Prime; _builder_version=\u00a0\u00bb4.16&Prime; custom_padding=\u00a0\u00bb|||\u00a0\u00bb global_colors_info=\u00a0\u00bb{}\u00a0\u00bb custom_padding__hover=\u00a0\u00bb|||\u00a0\u00bb][et_pb_image src=\u00a0\u00bbhttps:\/\/rivegauche-magazine.ch\/wp-content\/uploads\/2024\/03\/atelier_du_stores.jpg\u00a0\u00bb title_text=\u00a0\u00bbatelier_du_stores\u00a0\u00bb url=\u00a0\u00bbhttps:\/\/rivegauche-magazine.ch\/index.php\/atelier-genevois-store\/\u00a0\u00bb align_tablet=\u00a0\u00bbcenter\u00a0\u00bb align_phone=\u00a0\u00bb\u00a0\u00bb align_last_edited=\u00a0\u00bbon|desktop\u00a0\u00bb _builder_version=\u00a0\u00bb4.17.6&Prime; global_colors_info=\u00a0\u00bb{}\u00a0\u00bb][\/et_pb_image][et_pb_text admin_label=\u00a0\u00bbDE BLEU!\u00a0\u00bb _builder_version=\u00a0\u00bb4.17.6&Prime; text_font=\u00a0\u00bb||||||||\u00a0\u00bb header_font=\u00a0\u00bbNunito||||||||\u00a0\u00bb header_text_color=\u00a0\u00bb#000000&Prime; custom_margin=\u00a0\u00bb-30px||\u00a0\u00bb custom_padding=\u00a0\u00bb||\u00a0\u00bb link_option_url=\u00a0\u00bbhttps:\/\/rivegauche-magazine.ch\/index.php\/atelier-genevois-store\/\u00a0\u00bb global_colors_info=\u00a0\u00bb{}\u00a0\u00bb]<\/p>\n<h1 style=\"text-align: right;\">ATELIER GENEVOIS DU STORE<\/h1>\n<h3 style=\"text-align: right;\">Store &#8211; Volet &#8211; Pergola &#8211; Moustiquaire<\/h3>\n<p>[\/et_pb_text][\/et_pb_column][\/et_pb_row][et_pb_row column_structure=\u00a0\u00bb1_3,1_3,1_3&Prime; admin_label=\u00a0\u00bbBloc rubrique Articles\u00a0\u00bb _builder_version=\u00a0\u00bb4.16&Prime; custom_padding=\u00a0\u00bb0px|||||\u00a0\u00bb global_colors_info=\u00a0\u00bb{}\u00a0\u00bb][et_pb_column type=\u00a0\u00bb1_3&Prime; _builder_version=\u00a0\u00bb4.16&Prime; custom_padding=\u00a0\u00bb|||\u00a0\u00bb global_colors_info=\u00a0\u00bb{}\u00a0\u00bb custom_padding__hover=\u00a0\u00bb|||\u00a0\u00bb][et_pb_image src=\u00a0\u00bbhttps:\/\/rivegauche-magazine.ch\/wp-content\/uploads\/2024\/01\/green_art.jpg\u00a0\u00bb title_text=\u00a0\u00bbgreen_art\u00a0\u00bb url=\u00a0\u00bbhttps:\/\/rivegauche-magazine.ch\/index.php\/green-art\/\u00a0\u00bb align_tablet=\u00a0\u00bbcenter\u00a0\u00bb align_phone=\u00a0\u00bb\u00a0\u00bb align_last_edited=\u00a0\u00bbon|desktop\u00a0\u00bb admin_label=\u00a0\u00bbImage\u00a0\u00bb _builder_version=\u00a0\u00bb4.17.6&Prime; global_colors_info=\u00a0\u00bb{}\u00a0\u00bb][\/et_pb_image][et_pb_text admin_label=\u00a0\u00bbGREEN ART\u00a0\u00bb _builder_version=\u00a0\u00bb4.17.6&Prime; text_font=\u00a0\u00bb||||||||\u00a0\u00bb header_font=\u00a0\u00bbNunito||||||||\u00a0\u00bb header_text_color=\u00a0\u00bb#000000&Prime; custom_margin=\u00a0\u00bb-30px||\u00a0\u00bb custom_padding=\u00a0\u00bb||\u00a0\u00bb link_option_url=\u00a0\u00bbhttps:\/\/rivegauche-magazine.ch\/index.php\/green-art\/\u00a0\u00bb global_colors_info=\u00a0\u00bb{}\u00a0\u00bb]<\/p>\n<h1 style=\"text-align: right;\">GREEN ART<\/h1>\n<h3 style=\"text-align: right;\">Mobilier &amp; cuisines outdoor<\/h3>\n<p>[\/et_pb_text][\/et_pb_column][et_pb_column type=\u00a0\u00bb1_3&Prime; _builder_version=\u00a0\u00bb4.16&Prime; custom_padding=\u00a0\u00bb|||\u00a0\u00bb global_colors_info=\u00a0\u00bb{}\u00a0\u00bb custom_padding__hover=\u00a0\u00bb|||\u00a0\u00bb][et_pb_image src=\u00a0\u00bbhttps:\/\/rivegauche-magazine.ch\/wp-content\/uploads\/2020\/11\/ADP_3C.jpg\u00a0\u00bb title_text=\u00a0\u00bbADP_3C\u00a0\u00bb url=\u00a0\u00bbhttps:\/\/rivegauche-magazine.ch\/index.php\/culture-ecole\/academie-des-petits\/\u00a0\u00bb align_tablet=\u00a0\u00bbcenter\u00a0\u00bb align_phone=\u00a0\u00bb\u00a0\u00bb align_last_edited=\u00a0\u00bbon|desktop\u00a0\u00bb _builder_version=\u00a0\u00bb4.17.6&Prime; global_colors_info=\u00a0\u00bb{}\u00a0\u00bb][\/et_pb_image][et_pb_text admin_label=\u00a0\u00bbACAD\u00c9MIE DES PETITS\u00a0\u00bb _builder_version=\u00a0\u00bb4.17.6&Prime; text_font=\u00a0\u00bb||||||||\u00a0\u00bb header_font=\u00a0\u00bbNunito||||||||\u00a0\u00bb header_text_color=\u00a0\u00bb#000000&Prime; custom_margin=\u00a0\u00bb-30px||\u00a0\u00bb custom_padding=\u00a0\u00bb||\u00a0\u00bb link_option_url=\u00a0\u00bbhttps:\/\/rivegauche-magazine.ch\/index.php\/culture-ecole\/academie-des-petits\/\u00a0\u00bb global_colors_info=\u00a0\u00bb{}\u00a0\u00bb]<\/p>\n<h1 style=\"text-align: right;\">L&rsquo;ACAD\u00c9MIE DES PETITS<\/h1>\n<h3 style=\"text-align: right;\">Ateliers \u00e9ducatifs<\/h3>\n<p>[\/et_pb_text][\/et_pb_column][et_pb_column type=\u00a0\u00bb1_3&Prime; _builder_version=\u00a0\u00bb4.16&Prime; custom_padding=\u00a0\u00bb|||\u00a0\u00bb global_colors_info=\u00a0\u00bb{}\u00a0\u00bb custom_padding__hover=\u00a0\u00bb|||\u00a0\u00bb][et_pb_image src=\u00a0\u00bbhttps:\/\/rivegauche-magazine.ch\/wp-content\/uploads\/2021\/12\/image-icone-debleu.jpg\u00a0\u00bb title_text=\u00a0\u00bbimage-icone-debleu!\u00a0\u00bb url=\u00a0\u00bbhttps:\/\/rivegauche-magazine.ch\/index.php\/collonge-bellerive\/debleu\/\u00a0\u00bb align_tablet=\u00a0\u00bbcenter\u00a0\u00bb align_phone=\u00a0\u00bb\u00a0\u00bb align_last_edited=\u00a0\u00bbon|desktop\u00a0\u00bb _builder_version=\u00a0\u00bb4.17.6&Prime; global_colors_info=\u00a0\u00bb{}\u00a0\u00bb][\/et_pb_image][et_pb_text admin_label=\u00a0\u00bbDE BLEU!\u00a0\u00bb _builder_version=\u00a0\u00bb4.17.6&Prime; text_font=\u00a0\u00bb||||||||\u00a0\u00bb header_font=\u00a0\u00bbNunito||||||||\u00a0\u00bb header_text_color=\u00a0\u00bb#000000&Prime; custom_margin=\u00a0\u00bb-30px||\u00a0\u00bb custom_padding=\u00a0\u00bb||\u00a0\u00bb link_option_url=\u00a0\u00bbhttps:\/\/rivegauche-magazine.ch\/index.php\/gastronomie-shop\/de-bleu\/\u00a0\u00bb global_colors_info=\u00a0\u00bb{}\u00a0\u00bb]<\/p>\n<h1 style=\"text-align: right;\">DE BLEU !<\/h1>\n<h3 style=\"text-align: right;\">Fromagerie fine<\/h3>\n<p>[\/et_pb_text][\/et_pb_column][\/et_pb_row][et_pb_row column_structure=\u00a0\u00bb1_3,1_3,1_3&Prime; admin_label=\u00a0\u00bbBloc rubrique Articles\u00a0\u00bb _builder_version=\u00a0\u00bb4.16&Prime; custom_padding=\u00a0\u00bb0px|||||\u00a0\u00bb global_colors_info=\u00a0\u00bb{}\u00a0\u00bb][et_pb_column type=\u00a0\u00bb1_3&Prime; _builder_version=\u00a0\u00bb4.16&Prime; custom_padding=\u00a0\u00bb|||\u00a0\u00bb global_colors_info=\u00a0\u00bb{}\u00a0\u00bb custom_padding__hover=\u00a0\u00bb|||\u00a0\u00bb][et_pb_image src=\u00a0\u00bbhttps:\/\/rivegauche-magazine.ch\/wp-content\/uploads\/2021\/06\/3C_La_pallanterie.jpg\u00a0\u00bb title_text=\u00a0\u00bb3C_La_pallanterie\u00a0\u00bb url=\u00a0\u00bbhttps:\/\/rivegauche-magazine.ch\/index.php\/divers-animaux\/manege-pallanterie\/\u00a0\u00bb align_tablet=\u00a0\u00bbcenter\u00a0\u00bb align_phone=\u00a0\u00bb\u00a0\u00bb align_last_edited=\u00a0\u00bbon|desktop\u00a0\u00bb _builder_version=\u00a0\u00bb4.16&Prime; global_colors_info=\u00a0\u00bb{}\u00a0\u00bb][\/et_pb_image][et_pb_text admin_label=\u00a0\u00bbPALLANTERIE\u00a0\u00bb _builder_version=\u00a0\u00bb4.16&Prime; text_font=\u00a0\u00bb||||||||\u00a0\u00bb header_font=\u00a0\u00bbNunito||||||||\u00a0\u00bb header_text_color=\u00a0\u00bb#000000&Prime; custom_margin=\u00a0\u00bb-30px||\u00a0\u00bb custom_padding=\u00a0\u00bb||\u00a0\u00bb link_option_url=\u00a0\u00bbhttps:\/\/rivegauche-magazine.ch\/index.php\/divers-animaux\/manege-pallanterie\/\u00a0\u00bb global_colors_info=\u00a0\u00bb{}\u00a0\u00bb]<\/p>\n<h1 style=\"text-align: right;\">LA PALLANTERIE<\/h1>\n<h3 style=\"text-align: right;\">Man\u00e8ge de Gen\u00e8ve<\/h3>\n<p>[\/et_pb_text][\/et_pb_column][et_pb_column type=\u00a0\u00bb1_3&Prime; _builder_version=\u00a0\u00bb4.16&Prime; custom_padding=\u00a0\u00bb|||\u00a0\u00bb global_colors_info=\u00a0\u00bb{}\u00a0\u00bb custom_padding__hover=\u00a0\u00bb|||\u00a0\u00bb][et_pb_image src=\u00a0\u00bbhttps:\/\/rivegauche-magazine.ch\/wp-content\/uploads\/2020\/11\/SPI-2C.jpg\u00a0\u00bb title_text=\u00a0\u00bbSPI-2C\u00a0\u00bb url=\u00a0\u00bbhttps:\/\/rivegauche-magazine.ch\/index.php\/life-style-immobilier\/swiss-patrimoine\/\u00a0\u00bb force_fullwidth=\u00a0\u00bbon\u00a0\u00bb align_tablet=\u00a0\u00bbcenter\u00a0\u00bb align_phone=\u00a0\u00bb\u00a0\u00bb align_last_edited=\u00a0\u00bbon|desktop\u00a0\u00bb _builder_version=\u00a0\u00bb4.17.1&Prime; global_colors_info=\u00a0\u00bb{}\u00a0\u00bb][\/et_pb_image][et_pb_text admin_label=\u00a0\u00bbSPI\u00a0\u00bb _builder_version=\u00a0\u00bb4.17.1&Prime; text_font=\u00a0\u00bb||||||||\u00a0\u00bb header_font=\u00a0\u00bbNunito||||||||\u00a0\u00bb header_text_color=\u00a0\u00bb#000000&Prime; custom_margin=\u00a0\u00bb-30px||\u00a0\u00bb custom_padding=\u00a0\u00bb||\u00a0\u00bb link_option_url=\u00a0\u00bbhttps:\/\/rivegauche-magazine.ch\/index.php\/life-style-immobilier\/swiss-patrimoine\/\u00a0\u00bb global_colors_info=\u00a0\u00bb{}\u00a0\u00bb]<\/p>\n<h1 style=\"text-align: right;\">SWISS PATRIMOINE<br \/>IMMOBILIER<\/h1>\n<p>[\/et_pb_text][\/et_pb_column][et_pb_column type=\u00a0\u00bb1_3&Prime; _builder_version=\u00a0\u00bb4.16&Prime; custom_padding=\u00a0\u00bb|||\u00a0\u00bb global_colors_info=\u00a0\u00bb{}\u00a0\u00bb custom_padding__hover=\u00a0\u00bb|||\u00a0\u00bb][et_pb_image src=\u00a0\u00bbhttps:\/\/rivegauche-magazine.ch\/wp-content\/uploads\/2021\/12\/Vignette-Poolstef.jpg\u00a0\u00bb title_text=\u00a0\u00bbVignette-Poolstef\u00a0\u00bb url=\u00a0\u00bbhttps:\/\/rivegauche-magazine.ch\/index.php\/divers-services\/poolstef\/\u00a0\u00bb _builder_version=\u00a0\u00bb4.16&Prime; _module_preset=\u00a0\u00bbdefault\u00a0\u00bb global_colors_info=\u00a0\u00bb{}\u00a0\u00bb][\/et_pb_image][et_pb_text admin_label=\u00a0\u00bbPOOLSTEF\u00a0\u00bb _builder_version=\u00a0\u00bb4.16&Prime; text_font=\u00a0\u00bb||||||||\u00a0\u00bb header_font=\u00a0\u00bbNunito||||||||\u00a0\u00bb header_text_color=\u00a0\u00bb#000000&Prime; custom_margin=\u00a0\u00bb-30px||\u00a0\u00bb custom_padding=\u00a0\u00bb||\u00a0\u00bb link_option_url=\u00a0\u00bbhttps:\/\/rivegauche-magazine.ch\/index.php\/divers-services\/poolstef\/\u00a0\u00bb global_colors_info=\u00a0\u00bb{}\u00a0\u00bb]<\/p>\n<h1 style=\"text-align: right;\">POOLSTEF<\/h1>\n<h3 style=\"text-align: right;\">Un sp\u00e9cialiste au service<br \/>de votre piscine<\/h3>\n<p>[\/et_pb_text][\/et_pb_column][\/et_pb_row][et_pb_row column_structure=\u00a0\u00bb1_3,1_3,1_3&Prime; admin_label=\u00a0\u00bbBloc rubrique Articles\u00a0\u00bb _builder_version=\u00a0\u00bb4.16&Prime; custom_padding=\u00a0\u00bb0px|||||\u00a0\u00bb global_colors_info=\u00a0\u00bb{}\u00a0\u00bb][et_pb_column type=\u00a0\u00bb1_3&Prime; _builder_version=\u00a0\u00bb4.16&Prime; custom_padding=\u00a0\u00bb|||\u00a0\u00bb global_colors_info=\u00a0\u00bb{}\u00a0\u00bb custom_padding__hover=\u00a0\u00bb|||\u00a0\u00bb][et_pb_image src=\u00a0\u00bbhttps:\/\/rivegauche-magazine.ch\/wp-content\/uploads\/2023\/03\/vignette-RMode.png\u00a0\u00bb title_text=\u00a0\u00bbvignette-RMode\u00a0\u00bb url=\u00a0\u00bbhttps:\/\/rivegauche-magazine.ch\/index.php\/salon-de-coiffure\/r-mode-coiffure\/\u00a0\u00bb show_bottom_space=\u00a0\u00bboff\u00a0\u00bb align_tablet=\u00a0\u00bbcenter\u00a0\u00bb align_phone=\u00a0\u00bb\u00a0\u00bb align_last_edited=\u00a0\u00bbon|desktop\u00a0\u00bb _builder_version=\u00a0\u00bb4.17.6&Prime; custom_margin=\u00a0\u00bb||0px||false|false\u00a0\u00bb custom_padding=\u00a0\u00bb||0px||false|false\u00a0\u00bb global_colors_info=\u00a0\u00bb{}\u00a0\u00bb][\/et_pb_image][et_pb_text admin_label=\u00a0\u00bbRMODE\u00a0\u00bb _builder_version=\u00a0\u00bb4.16&Prime; _module_preset=\u00a0\u00bbdefault\u00a0\u00bb custom_margin=\u00a0\u00bb12px||||false|false\u00a0\u00bb global_colors_info=\u00a0\u00bb{}\u00a0\u00bb]<\/p>\n<h1 style=\"text-align: right;\">RMODE<\/h1>\n<h3 style=\"text-align: right;\">Coiffure<\/h3>\n<p>[\/et_pb_text][\/et_pb_column][et_pb_column type=\u00a0\u00bb1_3&Prime; _builder_version=\u00a0\u00bb4.16&Prime; custom_padding=\u00a0\u00bb|||\u00a0\u00bb global_colors_info=\u00a0\u00bb{}\u00a0\u00bb custom_padding__hover=\u00a0\u00bb|||\u00a0\u00bb][et_pb_image src=\u00a0\u00bbhttps:\/\/rivegauche-magazine.ch\/wp-content\/uploads\/2023\/03\/vignette-3bouchonNoe\u0308l.jpg\u00a0\u00bb title_text=\u00a0\u00bbPAGES_FDS-SGEC.indd\u00a0\u00bb url=\u00a0\u00bbhttps:\/\/rivegauche-magazine.ch\/index.php\/gastronomie-shop\/3-bouchons\/\u00a0\u00bb align_tablet=\u00a0\u00bbcenter\u00a0\u00bb align_phone=\u00a0\u00bb\u00a0\u00bb align_last_edited=\u00a0\u00bbon|desktop\u00a0\u00bb _builder_version=\u00a0\u00bb4.17.6&Prime; global_colors_info=\u00a0\u00bb{}\u00a0\u00bb][\/et_pb_image][et_pb_text admin_label=\u00a0\u00bbTROIS BOUCHONS\u00a0\u00bb _builder_version=\u00a0\u00bb4.16&Prime; text_font=\u00a0\u00bb||||||||\u00a0\u00bb header_font=\u00a0\u00bbNunito||||||||\u00a0\u00bb header_text_color=\u00a0\u00bb#000000&Prime; custom_margin=\u00a0\u00bb-30px||\u00a0\u00bb custom_padding=\u00a0\u00bb||\u00a0\u00bb link_option_url=\u00a0\u00bbhttps:\/\/rivegauche-magazine.ch\/index.php\/gastronomie-shop\/3-bouchons\/\u00a0\u00bb global_colors_info=\u00a0\u00bb{}\u00a0\u00bb]<\/p>\n<h1 style=\"text-align: right;\">3 BOUCHONS<\/h1>\n<h3 style=\"text-align: right;\">Vins &amp; Spiritueux<\/h3>\n<p>[\/et_pb_text][\/et_pb_column][et_pb_column type=\u00a0\u00bb1_3&Prime; _builder_version=\u00a0\u00bb4.16&Prime; custom_padding=\u00a0\u00bb|||\u00a0\u00bb global_colors_info=\u00a0\u00bb{}\u00a0\u00bb custom_padding__hover=\u00a0\u00bb|||\u00a0\u00bb][et_pb_image src=\u00a0\u00bbhttps:\/\/rivegauche-magazine.ch\/wp-content\/uploads\/2024\/11\/Vignette-JLD_hiver_2024.png\u00a0\u00bb title_text=\u00a0\u00bbVignette-JLD_hiver_2024&Prime; url=\u00a0\u00bbhttps:\/\/rivegauche-magazine.ch\/index.php\/salon-de-coiffure\/jean-louis-david\/\u00a0\u00bb align_tablet=\u00a0\u00bbcenter\u00a0\u00bb align_phone=\u00a0\u00bb\u00a0\u00bb align_last_edited=\u00a0\u00bbon|desktop\u00a0\u00bb _builder_version=\u00a0\u00bb4.17.6&Prime; global_colors_info=\u00a0\u00bb{}\u00a0\u00bb][\/et_pb_image][et_pb_text admin_label=\u00a0\u00bbJLD\u00a0\u00bb _builder_version=\u00a0\u00bb4.16&Prime; text_font=\u00a0\u00bb||||||||\u00a0\u00bb header_font=\u00a0\u00bbNunito||||||||\u00a0\u00bb header_text_color=\u00a0\u00bb#000000&Prime; custom_margin=\u00a0\u00bb-30px||\u00a0\u00bb custom_padding=\u00a0\u00bb||\u00a0\u00bb link_option_url=\u00a0\u00bbhttps:\/\/rivegauche-magazine.ch\/index.php\/salon-de-coiffure\/jean-louis-david\/\u00a0\u00bb global_colors_info=\u00a0\u00bb{}\u00a0\u00bb]<\/p>\n<h1 style=\"text-align: right;\">JEAN-LOUIS DAVID<\/h1>\n<h3 style=\"text-align: right;\">Coiffeur cr\u00e9ateur<\/h3>\n<p>[\/et_pb_text][\/et_pb_column][\/et_pb_row][et_pb_row column_structure=\u00a0\u00bb1_3,1_3,1_3&Prime; _builder_version=\u00a0\u00bb4.16&Prime; _module_preset=\u00a0\u00bbdefault\u00a0\u00bb global_colors_info=\u00a0\u00bb{}\u00a0\u00bb][et_pb_column type=\u00a0\u00bb1_3&Prime; _builder_version=\u00a0\u00bb4.16&Prime; _module_preset=\u00a0\u00bbdefault\u00a0\u00bb global_colors_info=\u00a0\u00bb{}\u00a0\u00bb][et_pb_image src=\u00a0\u00bbhttps:\/\/rivegauche-magazine.ch\/wp-content\/uploads\/2022\/07\/vignette-vue-drone.png\u00a0\u00bb title_text=\u00a0\u00bbvignette-vue-drone\u00a0\u00bb url=\u00a0\u00bbhttps:\/\/rivegauche-magazine.ch\/index.php\/collonge-bellerive\/residence-des-crets\/\u00a0\u00bb force_fullwidth=\u00a0\u00bbon\u00a0\u00bb align_tablet=\u00a0\u00bbcenter\u00a0\u00bb align_phone=\u00a0\u00bb\u00a0\u00bb align_last_edited=\u00a0\u00bbon|desktop\u00a0\u00bb _builder_version=\u00a0\u00bb4.17.4&Prime; global_colors_info=\u00a0\u00bb{}\u00a0\u00bb][\/et_pb_image][et_pb_text admin_label=\u00a0\u00bbR\u00c9SIDENCE DES CRETS\u00a0\u00bb _builder_version=\u00a0\u00bb4.17.1&Prime; text_font=\u00a0\u00bb||||||||\u00a0\u00bb header_font=\u00a0\u00bbNunito||||||||\u00a0\u00bb header_text_color=\u00a0\u00bb#000000&Prime; custom_margin=\u00a0\u00bb-30px||\u00a0\u00bb custom_padding=\u00a0\u00bb||\u00a0\u00bb link_option_url=\u00a0\u00bbhttps:\/\/rivegauche-magazine.ch\/index.php\/collonge-bellerive\/residence-des-crets\/\u00a0\u00bb global_colors_info=\u00a0\u00bb{}\u00a0\u00bb]<\/p>\n<h1 style=\"text-align: right;\">R\u00c9SIDENCE LES CR\u00caTS DE V\u00c9SENAZ<\/h1>\n<h3 style=\"text-align: right;\">Vivez votre retraite dans un environnement exceptionnel !<\/h3>\n<p>[\/et_pb_text][\/et_pb_column][et_pb_column type=\u00a0\u00bb1_3&Prime; _builder_version=\u00a0\u00bb4.16&Prime; _module_preset=\u00a0\u00bbdefault\u00a0\u00bb global_colors_info=\u00a0\u00bb{}\u00a0\u00bb][et_pb_image src=\u00a0\u00bbhttps:\/\/rivegauche-magazine.ch\/wp-content\/uploads\/2022\/07\/logo-Dominique-ARPACIRPKApetite.jpg\u00a0\u00bb title_text=\u00a0\u00bblogo-Dominique-ARPACIRPKApetite\u00a0\u00bb url=\u00a0\u00bbhttps:\/\/rivegauche-magazine.ch\/index.php\/dominique-arpa\/\u00a0\u00bb force_fullwidth=\u00a0\u00bbon\u00a0\u00bb align_tablet=\u00a0\u00bbcenter\u00a0\u00bb align_phone=\u00a0\u00bb\u00a0\u00bb align_last_edited=\u00a0\u00bbon|desktop\u00a0\u00bb _builder_version=\u00a0\u00bb4.17.1&Prime; global_colors_info=\u00a0\u00bb{}\u00a0\u00bb][\/et_pb_image][et_pb_text admin_label=\u00a0\u00bbDOMINIQUE ARPA\u00a0\u00bb _builder_version=\u00a0\u00bb4.17.1&Prime; text_font=\u00a0\u00bb||||||||\u00a0\u00bb header_font=\u00a0\u00bbNunito||||||||\u00a0\u00bb header_text_color=\u00a0\u00bb#000000&Prime; custom_margin=\u00a0\u00bb-30px||\u00a0\u00bb custom_padding=\u00a0\u00bb||\u00a0\u00bb link_option_url=\u00a0\u00bbhttps:\/\/rivegauche-magazine.ch\/index.php\/dominique-arpa\/\u00a0\u00bb global_colors_info=\u00a0\u00bb{}\u00a0\u00bb]<\/p>\n<h1 style=\"text-align: right;\">DOMINIQUE ARPA-CIRPKA<br \/>Artiste peintre<\/h1>\n<p>[\/et_pb_text][\/et_pb_column][et_pb_column type=\u00a0\u00bb1_3&Prime; _builder_version=\u00a0\u00bb4.16&Prime; _module_preset=\u00a0\u00bbdefault\u00a0\u00bb global_colors_info=\u00a0\u00bb{}\u00a0\u00bb][et_pb_image src=\u00a0\u00bbhttps:\/\/rivegauche-magazine.ch\/wp-content\/uploads\/2021\/12\/vignette-comptoir-toilettage.jpg\u00a0\u00bb title_text=\u00a0\u00bbvignette-comptoir-toilettage\u00a0\u00bb url=\u00a0\u00bbhttps:\/\/rivegauche-magazine.ch\/index.php\/comptoir-du-toilettage\/\u00a0\u00bb _builder_version=\u00a0\u00bb4.16&Prime; _module_preset=\u00a0\u00bbdefault\u00a0\u00bb global_colors_info=\u00a0\u00bb{}\u00a0\u00bb][\/et_pb_image][et_pb_text admin_label=\u00a0\u00bbCOMPTOIR DE TOILETTAGE\u00a0\u00bb _builder_version=\u00a0\u00bb4.16&Prime; text_font=\u00a0\u00bb||||||||\u00a0\u00bb header_font=\u00a0\u00bbNunito||||||||\u00a0\u00bb header_text_color=\u00a0\u00bb#000000&Prime; custom_margin=\u00a0\u00bb-30px||\u00a0\u00bb custom_padding=\u00a0\u00bb||\u00a0\u00bb link_option_url=\u00a0\u00bbhttps:\/\/rivegauche-magazine.ch\/index.php\/comptoir-du-toilettage\/\u00a0\u00bb global_colors_info=\u00a0\u00bb{}\u00a0\u00bb]<\/p>\n<h1 style=\"text-align: right;\">COMPTOIR DU TOILETTAGE<\/h1>\n<h3 style=\"text-align: right;\">Artisan toiletteur &#8211; Haute coiffure canine<\/h3>\n<p>[\/et_pb_text][\/et_pb_column][\/et_pb_row][et_pb_row column_structure=\u00a0\u00bb1_3,1_3,1_3&Prime; admin_label=\u00a0\u00bbBloc rubrique gastronomie\u00a0\u00bb _builder_version=\u00a0\u00bb4.16&Prime; custom_padding=\u00a0\u00bb0px|||||\u00a0\u00bb global_colors_info=\u00a0\u00bb{}\u00a0\u00bb][et_pb_column type=\u00a0\u00bb1_3&Prime; _builder_version=\u00a0\u00bb4.16&Prime; custom_padding=\u00a0\u00bb|||\u00a0\u00bb global_colors_info=\u00a0\u00bb{}\u00a0\u00bb custom_padding__hover=\u00a0\u00bb|||\u00a0\u00bb][et_pb_image src=\u00a0\u00bbhttps:\/\/rivegauche-magazine.ch\/wp-content\/uploads\/2022\/07\/TABLIER-ROUGE-LOGO.jpg\u00a0\u00bb title_text=\u00a0\u00bbTABLIER-ROUGE-LOGO\u00a0\u00bb url=\u00a0\u00bbhttps:\/\/rivegauche-magazine.ch\/index.php\/tablier-rouge\/\u00a0\u00bb align_tablet=\u00a0\u00bbcenter\u00a0\u00bb align_phone=\u00a0\u00bb\u00a0\u00bb align_last_edited=\u00a0\u00bbon|desktop\u00a0\u00bb admin_label=\u00a0\u00bbImage\u00a0\u00bb _builder_version=\u00a0\u00bb4.17.1&Prime; global_colors_info=\u00a0\u00bb{}\u00a0\u00bb][\/et_pb_image][et_pb_text admin_label=\u00a0\u00bbTABLIER ROUGE\u00a0\u00bb _builder_version=\u00a0\u00bb4.17.1&Prime; text_font=\u00a0\u00bb||||||||\u00a0\u00bb header_font=\u00a0\u00bbNunito||||||||\u00a0\u00bb header_text_color=\u00a0\u00bb#000000&Prime; custom_margin=\u00a0\u00bb-30px||\u00a0\u00bb custom_padding=\u00a0\u00bb||\u00a0\u00bb link_option_url=\u00a0\u00bbhttps:\/\/rivegauche-magazine.ch\/index.php\/tablier-rouge\/\u00a0\u00bb global_colors_info=\u00a0\u00bb{}\u00a0\u00bb]<\/p>\n<h1 style=\"text-align: right;\">LE TABLIER ROUGE<\/h1>\n<h3 style=\"text-align: right;\">Cuisine maison<\/h3>\n<p>[\/et_pb_text][\/et_pb_column][et_pb_column type=\u00a0\u00bb1_3&Prime; _builder_version=\u00a0\u00bb4.16&Prime; custom_padding=\u00a0\u00bb|||\u00a0\u00bb global_colors_info=\u00a0\u00bb{}\u00a0\u00bb custom_padding__hover=\u00a0\u00bb|||\u00a0\u00bb][et_pb_image src=\u00a0\u00bbhttps:\/\/rivegauche-magazine.ch\/wp-content\/uploads\/2021\/04\/3C_STAR.jpg\u00a0\u00bb title_text=\u00a0\u00bb3C_STAR\u00a0\u00bb url=\u00a0\u00bbhttps:\/\/rivegauche-magazine.ch\/index.php\/gastronomie-restaurants-traiteurs\/starcollections\/\u00a0\u00bb align_tablet=\u00a0\u00bbcenter\u00a0\u00bb align_phone=\u00a0\u00bb\u00a0\u00bb align_last_edited=\u00a0\u00bbon|desktop\u00a0\u00bb _builder_version=\u00a0\u00bb4.16&Prime; global_colors_info=\u00a0\u00bb{}\u00a0\u00bb][\/et_pb_image][et_pb_text admin_label=\u00a0\u00bbSTAR COLLECTIONS\u00a0\u00bb _builder_version=\u00a0\u00bb4.16&Prime; text_font=\u00a0\u00bb||||||||\u00a0\u00bb header_font=\u00a0\u00bbNunito||||||||\u00a0\u00bb header_text_color=\u00a0\u00bb#000000&Prime; custom_margin=\u00a0\u00bb-30px||\u00a0\u00bb custom_padding=\u00a0\u00bb||\u00a0\u00bb link_option_url=\u00a0\u00bbhttps:\/\/rivegauche-magazine.ch\/index.php\/gastronomie-restaurants-traiteurs\/starcollections\/\u00a0\u00bb global_colors_info=\u00a0\u00bb{}\u00a0\u00bb]<\/p>\n<h1 style=\"text-align: right;\">STAR COLLECTIONS<\/h1>\n<h3 style=\"text-align: right;\">La cosm\u00e9tique naturellement<\/h3>\n<p>[\/et_pb_text][\/et_pb_column][et_pb_column type=\u00a0\u00bb1_3&Prime; _builder_version=\u00a0\u00bb4.16&Prime; custom_padding=\u00a0\u00bb|||\u00a0\u00bb global_colors_info=\u00a0\u00bb{}\u00a0\u00bb custom_padding__hover=\u00a0\u00bb|||\u00a0\u00bb][et_pb_image src=\u00a0\u00bbhttps:\/\/rivegauche-magazine.ch\/wp-content\/uploads\/2021\/06\/3C_Des_racines_et_des_vins.jpg\u00a0\u00bb title_text=\u00a0\u00bb3C_Des_racines_et_des_vins\u00a0\u00bb url=\u00a0\u00bbhttps:\/\/rivegauche-magazine.ch\/index.php\/gastronomie-shop\/des-racines-et-des-vins\/\u00a0\u00bb align_tablet=\u00a0\u00bbcenter\u00a0\u00bb align_phone=\u00a0\u00bb\u00a0\u00bb align_last_edited=\u00a0\u00bbon|desktop\u00a0\u00bb _builder_version=\u00a0\u00bb4.16&Prime; global_colors_info=\u00a0\u00bb{}\u00a0\u00bb][\/et_pb_image][et_pb_text admin_label=\u00a0\u00bbDES RACINES ET DES VINS\u00a0\u00bb _builder_version=\u00a0\u00bb4.16&Prime; text_font=\u00a0\u00bb||||||||\u00a0\u00bb header_font=\u00a0\u00bbNunito||||||||\u00a0\u00bb header_text_color=\u00a0\u00bb#000000&Prime; custom_margin=\u00a0\u00bb-30px||\u00a0\u00bb custom_padding=\u00a0\u00bb||\u00a0\u00bb link_option_url=\u00a0\u00bbhttps:\/\/rivegauche-magazine.ch\/index.php\/gastronomie-shop\/des-racines-et-des-vins\/\u00a0\u00bb global_colors_info=\u00a0\u00bb{}\u00a0\u00bb]<\/p>\n<h1 style=\"text-align: right;\">DES RACINES<br \/>ET DES VINS<\/h1>\n<p>[\/et_pb_text][\/et_pb_column][\/et_pb_row][\/et_pb_section]<\/p>\n","protected":false},"excerpt":{"rendered":"<p>\u00c9V\u00c9NEMENTSHISTOIRE DECOLLONGE-BELLERIVEFESTIVAL DU LIVRE\u00c9V\u00c9NEMENTS \u00c0COLLONGE-BELLERIVEL&rsquo;\u00c9PICENTREARV\u00c9LAC FESTIVAL BDFESTIVAL DE BELLERIVEARTICLESART &amp; PRESTIGE Galerie et objets d&rsquo;ArtLA R\u00c9CR\u00c9 CAF\u00c9 \/ TEA-ROOMBUTTERFLY Coiffure Centre commercial de la Coop V\u00e9senaz1000 PARFUMS SWISS E-SHOPARC PROPERTIES Courtage \/ Acquisition \/ PromotionBUTTERFLY Coiffure Centre commercial de la Coop V\u00e9senazLes Trois Bouchons Vins, Champagnes et spiritueuxInfinity Beauty &amp; HealthCentre M\u00e9dical V\u00e9senaz M\u00e9decine g\u00e9n\u00e9rale [&hellip;]<\/p>\n","protected":false},"author":1,"featured_media":0,"parent":0,"menu_order":0,"comment_status":"closed","ping_status":"closed","template":"","meta":{"_et_pb_use_builder":"on","_et_pb_old_content":"","_et_gb_content_width":"","footnotes":""},"class_list":["post-579","page","type-page","status-publish","hentry"],"_links":{"self":[{"href":"https:\/\/geneveetvousmagazine.ch\/index.php\/wp-json\/wp\/v2\/pages\/579","targetHints":{"allow":["GET"]}}],"collection":[{"href":"https:\/\/geneveetvousmagazine.ch\/index.php\/wp-json\/wp\/v2\/pages"}],"about":[{"href":"https:\/\/geneveetvousmagazine.ch\/index.php\/wp-json\/wp\/v2\/types\/page"}],"author":[{"embeddable":true,"href":"https:\/\/geneveetvousmagazine.ch\/index.php\/wp-json\/wp\/v2\/users\/1"}],"replies":[{"embeddable":true,"href":"https:\/\/geneveetvousmagazine.ch\/index.php\/wp-json\/wp\/v2\/comments?post=579"}],"version-history":[{"count":170,"href":"https:\/\/geneveetvousmagazine.ch\/index.php\/wp-json\/wp\/v2\/pages\/579\/revisions"}],"predecessor-version":[{"id":17193,"href":"https:\/\/geneveetvousmagazine.ch\/index.php\/wp-json\/wp\/v2\/pages\/579\/revisions\/17193"}],"wp:attachment":[{"href":"https:\/\/geneveetvousmagazine.ch\/index.php\/wp-json\/wp\/v2\/media?parent=579"}],"curies":[{"name":"wp","href":"https:\/\/api.w.org\/{rel}","templated":true}]}}