{"id":460,"date":"2020-01-23T18:56:12","date_gmt":"2020-01-23T17:56:12","guid":{"rendered":"https:\/\/rivegauche-magazine.ch\/?page_id=460"},"modified":"2024-11-21T10:15:48","modified_gmt":"2024-11-21T09:15:48","slug":"anieres","status":"publish","type":"page","link":"https:\/\/geneveetvousmagazine.ch\/index.php\/anieres\/","title":{"rendered":"ANI\u00c8RES"},"content":{"rendered":"<p>[et_pb_section fb_built=\u00a0\u00bb1&Prime; _builder_version=\u00a0\u00bb4.16&Prime; global_colors_info=\u00a0\u00bb{}\u00a0\u00bb][et_pb_row _builder_version=\u00a0\u00bb4.16&Prime; _module_preset=\u00a0\u00bbdefault\u00a0\u00bb global_colors_info=\u00a0\u00bb{}\u00a0\u00bb][et_pb_column type=\u00a0\u00bb4_4&Prime; _builder_version=\u00a0\u00bb4.16&Prime; _module_preset=\u00a0\u00bbdefault\u00a0\u00bb global_colors_info=\u00a0\u00bb{}\u00a0\u00bb][et_pb_image src=\u00a0\u00bbhttps:\/\/rivegauche-magazine.ch\/wp-content\/uploads\/2021\/12\/VUE-ANIERES.jpg\u00a0\u00bb title_text=\u00a0\u00bbVUE-ANIERES\u00a0\u00bb align=\u00a0\u00bbcenter\u00a0\u00bb force_fullwidth=\u00a0\u00bbon\u00a0\u00bb _builder_version=\u00a0\u00bb4.16&Prime; _module_preset=\u00a0\u00bbdefault\u00a0\u00bb global_colors_info=\u00a0\u00bb{}\u00a0\u00bb][\/et_pb_image][\/et_pb_column][\/et_pb_row][\/et_pb_section][et_pb_section fb_built=\u00a0\u00bb1&Prime; admin_label=\u00a0\u00bbAgenda\u00a0\u00bb _builder_version=\u00a0\u00bb4.16&Prime; custom_margin=\u00a0\u00bb||\u00a0\u00bb custom_padding=\u00a0\u00bb0px|||||\u00a0\u00bb global_colors_info=\u00a0\u00bb{}\u00a0\u00bb][et_pb_row _builder_version=\u00a0\u00bb4.16&Prime; global_colors_info=\u00a0\u00bb{}\u00a0\u00bb][et_pb_column type=\u00a0\u00bb4_4&Prime; _builder_version=\u00a0\u00bb4.16&Prime; custom_padding=\u00a0\u00bb|||\u00a0\u00bb global_colors_info=\u00a0\u00bb{}\u00a0\u00bb custom_padding__hover=\u00a0\u00bb|||\u00a0\u00bb][et_pb_divider divider_weight=\u00a0\u00bb13px\u00a0\u00bb _builder_version=\u00a0\u00bb4.16&Prime; width=\u00a0\u00bb180px\u00a0\u00bb custom_padding=\u00a0\u00bb|||50px\u00a0\u00bb global_colors_info=\u00a0\u00bb{}\u00a0\u00bb][\/et_pb_divider][et_pb_divider _builder_version=\u00a0\u00bb4.16&Prime; custom_margin=\u00a0\u00bb-57px||\u00a0\u00bb custom_margin_tablet=\u00a0\u00bb-44px||\u00a0\u00bb custom_margin_phone=\u00a0\u00bb\u00a0\u00bb custom_margin_last_edited=\u00a0\u00bbon|phone\u00a0\u00bb custom_padding=\u00a0\u00bb0px||\u00a0\u00bb global_colors_info=\u00a0\u00bb{}\u00a0\u00bb][\/et_pb_divider][\/et_pb_column][\/et_pb_row][et_pb_row column_structure=\u00a0\u00bb1_2,1_2&Prime; admin_label=\u00a0\u00bbTitre Agenda\u00a0\u00bb _builder_version=\u00a0\u00bb4.16&Prime; custom_margin=\u00a0\u00bb||\u00a0\u00bb custom_padding=\u00a0\u00bb0px||0px|||\u00a0\u00bb global_colors_info=\u00a0\u00bb{}\u00a0\u00bb][et_pb_column type=\u00a0\u00bb1_2&Prime; _builder_version=\u00a0\u00bb4.16&Prime; custom_padding=\u00a0\u00bb0px|||\u00a0\u00bb global_colors_info=\u00a0\u00bb{}\u00a0\u00bb custom_padding__hover=\u00a0\u00bb|||\u00a0\u00bb][et_pb_text _builder_version=\u00a0\u00bb4.16&Prime; header_font=\u00a0\u00bbGeorgia||||||||\u00a0\u00bb header_text_color=\u00a0\u00bb#000000&Prime; header_font_size=\u00a0\u00bb48px\u00a0\u00bb custom_margin=\u00a0\u00bb-30px|||50px\u00a0\u00bb header_font_size_tablet=\u00a0\u00bb36px\u00a0\u00bb header_font_size_phone=\u00a0\u00bb24px\u00a0\u00bb header_font_size_last_edited=\u00a0\u00bbon|tablet\u00a0\u00bb global_colors_info=\u00a0\u00bb{}\u00a0\u00bb]<\/p>\n<h1>AGENDA<\/h1>\n<p>[\/et_pb_text][\/et_pb_column][et_pb_column type=\u00a0\u00bb1_2&Prime; _builder_version=\u00a0\u00bb4.16&Prime; custom_padding=\u00a0\u00bb|||\u00a0\u00bb global_colors_info=\u00a0\u00bb{}\u00a0\u00bb custom_padding__hover=\u00a0\u00bb|||\u00a0\u00bb][et_pb_text _builder_version=\u00a0\u00bb4.16&Prime; text_font=\u00a0\u00bb||||||||\u00a0\u00bb header_font=\u00a0\u00bb||||||||\u00a0\u00bb header_2_font=\u00a0\u00bbTimes New Roman||||||||\u00a0\u00bb global_colors_info=\u00a0\u00bb{}\u00a0\u00bb][\/et_pb_text][\/et_pb_column][\/et_pb_row][\/et_pb_section][et_pb_section fb_built=\u00a0\u00bb1&Prime; admin_label=\u00a0\u00bbRubriques Agenda\u00a0\u00bb _builder_version=\u00a0\u00bb4.16&Prime; custom_margin=\u00a0\u00bb||\u00a0\u00bb custom_padding=\u00a0\u00bb0px|||||\u00a0\u00bb global_colors_info=\u00a0\u00bb{}\u00a0\u00bb][et_pb_row column_structure=\u00a0\u00bb1_3,1_3,1_3&Prime; admin_label=\u00a0\u00bbBloc rubrique gastronomie\u00a0\u00bb _builder_version=\u00a0\u00bb4.16&Prime; custom_padding=\u00a0\u00bb0px|||||\u00a0\u00bb collapsed=\u00a0\u00bboff\u00a0\u00bb global_colors_info=\u00a0\u00bb{}\u00a0\u00bb][et_pb_column type=\u00a0\u00bb1_3&Prime; _builder_version=\u00a0\u00bb4.16&Prime; custom_padding=\u00a0\u00bb|||\u00a0\u00bb global_colors_info=\u00a0\u00bb{}\u00a0\u00bb custom_padding__hover=\u00a0\u00bb|||\u00a0\u00bb][et_pb_image src=\u00a0\u00bbhttps:\/\/rivegauche-magazine.ch\/wp-content\/uploads\/2021\/03\/2C_ANIERES2.jpg\u00a0\u00bb title_text=\u00a0\u00bb2C_ANIERES2&Prime; url=\u00a0\u00bbhttps:\/\/rivegauche-magazine.ch\/index.php\/evenements-a-anieres\/\u00a0\u00bb align_tablet=\u00a0\u00bbcenter\u00a0\u00bb align_phone=\u00a0\u00bb\u00a0\u00bb align_last_edited=\u00a0\u00bbon|desktop\u00a0\u00bb _builder_version=\u00a0\u00bb4.17.6&Prime; global_colors_info=\u00a0\u00bb{}\u00a0\u00bb][\/et_pb_image][et_pb_text admin_label=\u00a0\u00bbTexte\u00a0\u00bb _builder_version=\u00a0\u00bb4.17.6&Prime; text_font=\u00a0\u00bb||||||||\u00a0\u00bb header_font=\u00a0\u00bbNunito|||on|||||\u00a0\u00bb header_text_color=\u00a0\u00bb#000000&Prime; custom_margin=\u00a0\u00bb-30px||\u00a0\u00bb custom_padding=\u00a0\u00bb||\u00a0\u00bb link_option_url=\u00a0\u00bbhttps:\/\/rivegauche-magazine.ch\/index.php\/evenements-a-anieres\/\u00a0\u00bb global_colors_info=\u00a0\u00bb{}\u00a0\u00bb]<\/p>\n<h1 style=\"text-align: right;\">\u00c9v\u00e9nements \u00e0 Ani\u00e8res<\/h1>\n<p>[\/et_pb_text][et_pb_image src=\u00a0\u00bbhttps:\/\/rivegauche-magazine.ch\/wp-content\/uploads\/2024\/07\/arvelac.jpg\u00a0\u00bb title_text=\u00a0\u00bbarvelac\u00a0\u00bb url=\u00a0\u00bbhttps:\/\/rivegauche-magazine.ch\/index.php\/arvelac\/\u00a0\u00bb align_tablet=\u00a0\u00bbcenter\u00a0\u00bb align_phone=\u00a0\u00bb\u00a0\u00bb align_last_edited=\u00a0\u00bbon|desktop\u00a0\u00bb disabled_on=\u00a0\u00bbon|on|on\u00a0\u00bb admin_label=\u00a0\u00bbArvelac\u00a0\u00bb _builder_version=\u00a0\u00bb4.17.6&Prime; hover_enabled=\u00a0\u00bb0&Prime; global_colors_info=\u00a0\u00bb{}\u00a0\u00bb disabled=\u00a0\u00bbon\u00a0\u00bb sticky_enabled=\u00a0\u00bb0&Prime;][\/et_pb_image][et_pb_text disabled_on=\u00a0\u00bbon|on|on\u00a0\u00bb admin_label=\u00a0\u00bbARvelac\u00a0\u00bb _builder_version=\u00a0\u00bb4.17.6&Prime; text_font=\u00a0\u00bb||||||||\u00a0\u00bb header_font=\u00a0\u00bbNunito|||on|||||\u00a0\u00bb header_text_color=\u00a0\u00bb#000000&Prime; custom_margin=\u00a0\u00bb-30px||\u00a0\u00bb custom_padding=\u00a0\u00bb||\u00a0\u00bb link_option_url=\u00a0\u00bbhttps:\/\/rivegauche-magazine.ch\/index.php\/arvelac\/\u00a0\u00bb hover_enabled=\u00a0\u00bb0&Prime; global_colors_info=\u00a0\u00bb{}\u00a0\u00bb disabled=\u00a0\u00bbon\u00a0\u00bb sticky_enabled=\u00a0\u00bb0&Prime;]<\/p>\n<h1 style=\"text-align: right;\">FESTIVAL BD 2024<br \/>5\u00e8me \u00e9dition &#8211; R\u00e9servez le week-end<br \/>des 9 et 10 novembre !<\/h1>\n<p>[\/et_pb_text][\/et_pb_column][et_pb_column type=\u00a0\u00bb1_3&Prime; _builder_version=\u00a0\u00bb4.16&Prime; custom_padding=\u00a0\u00bb|||\u00a0\u00bb global_colors_info=\u00a0\u00bb{}\u00a0\u00bb custom_padding__hover=\u00a0\u00bb|||\u00a0\u00bb][et_pb_image src=\u00a0\u00bbhttps:\/\/rivegauche-magazine.ch\/wp-content\/uploads\/2022\/03\/GALERIE-2C.jpg\u00a0\u00bb title_text=\u00a0\u00bbGALERIE 2C\u00a0\u00bb url=\u00a0\u00bbhttps:\/\/rivegauche-magazine.ch\/index.php\/galeries-anieres\/\u00a0\u00bb align_tablet=\u00a0\u00bbcenter\u00a0\u00bb align_phone=\u00a0\u00bb\u00a0\u00bb align_last_edited=\u00a0\u00bbon|desktop\u00a0\u00bb _builder_version=\u00a0\u00bb4.17.6&Prime; global_colors_info=\u00a0\u00bb{}\u00a0\u00bb][\/et_pb_image][et_pb_text _builder_version=\u00a0\u00bb4.17.6&Prime; text_font=\u00a0\u00bb||||||||\u00a0\u00bb header_font=\u00a0\u00bbNunito||||||||\u00a0\u00bb header_text_color=\u00a0\u00bb#000000&Prime; custom_margin=\u00a0\u00bb-30px||\u00a0\u00bb custom_padding=\u00a0\u00bb||\u00a0\u00bb link_option_url=\u00a0\u00bbhttps:\/\/rivegauche-magazine.ch\/index.php\/galeries-anieres\/\u00a0\u00bb global_colors_info=\u00a0\u00bb{}\u00a0\u00bb]<\/p>\n<h1 style=\"text-align: right;\">GALERIE D\u2019ANI\u00c8RES<\/h1>\n<p>[\/et_pb_text][\/et_pb_column][et_pb_column type=\u00a0\u00bb1_3&Prime; _builder_version=\u00a0\u00bb4.16&Prime; custom_padding=\u00a0\u00bb|||\u00a0\u00bb global_colors_info=\u00a0\u00bb{}\u00a0\u00bb custom_padding__hover=\u00a0\u00bb|||\u00a0\u00bb][et_pb_image src=\u00a0\u00bbhttps:\/\/rivegauche-magazine.ch\/wp-content\/uploads\/2020\/01\/ANIERESEVENEMENTS.jpg\u00a0\u00bb url=\u00a0\u00bbhttps:\/\/rivegauche-magazine.ch\/index.php\/anieres\/histoire-anieres\/\u00a0\u00bb align_tablet=\u00a0\u00bbcenter\u00a0\u00bb align_phone=\u00a0\u00bb\u00a0\u00bb align_last_edited=\u00a0\u00bbon|desktop\u00a0\u00bb admin_label=\u00a0\u00bbImage\u00a0\u00bb _builder_version=\u00a0\u00bb4.17.6&Prime; global_colors_info=\u00a0\u00bb{}\u00a0\u00bb][\/et_pb_image][et_pb_text _builder_version=\u00a0\u00bb4.17.6&Prime; text_font=\u00a0\u00bb||||||||\u00a0\u00bb header_font=\u00a0\u00bbNunito|||on|||||\u00a0\u00bb header_text_color=\u00a0\u00bb#000000&Prime; custom_margin=\u00a0\u00bb-30px||\u00a0\u00bb custom_padding=\u00a0\u00bb||\u00a0\u00bb link_option_url=\u00a0\u00bbrivegauche-magazine.ch\/index.php\/anieres\/histoire-anieres\/\u00a0\u00bb global_colors_info=\u00a0\u00bb{}\u00a0\u00bb]<\/p>\n<h1 style=\"text-align: right;\">Histoire d&rsquo;Ani\u00e8res<\/h1>\n<p>[\/et_pb_text][\/et_pb_column][\/et_pb_row][\/et_pb_section][et_pb_section fb_built=\u00a0\u00bb1&Prime; disabled_on=\u00a0\u00bboff|off|off\u00a0\u00bb admin_label=\u00a0\u00bbArticles\u00a0\u00bb _builder_version=\u00a0\u00bb4.16&Prime; custom_margin=\u00a0\u00bb||\u00a0\u00bb custom_padding=\u00a0\u00bb0px|||||\u00a0\u00bb global_colors_info=\u00a0\u00bb{}\u00a0\u00bb][et_pb_row _builder_version=\u00a0\u00bb4.16&Prime; global_colors_info=\u00a0\u00bb{}\u00a0\u00bb][et_pb_column type=\u00a0\u00bb4_4&Prime; _builder_version=\u00a0\u00bb4.16&Prime; custom_padding=\u00a0\u00bb|||\u00a0\u00bb global_colors_info=\u00a0\u00bb{}\u00a0\u00bb custom_padding__hover=\u00a0\u00bb|||\u00a0\u00bb][et_pb_divider divider_weight=\u00a0\u00bb13px\u00a0\u00bb _builder_version=\u00a0\u00bb4.16&Prime; width=\u00a0\u00bb180px\u00a0\u00bb custom_padding=\u00a0\u00bb|||50px\u00a0\u00bb global_colors_info=\u00a0\u00bb{}\u00a0\u00bb][\/et_pb_divider][et_pb_divider _builder_version=\u00a0\u00bb4.16&Prime; custom_margin=\u00a0\u00bb-57px||\u00a0\u00bb custom_margin_tablet=\u00a0\u00bb-44px||\u00a0\u00bb custom_margin_phone=\u00a0\u00bb\u00a0\u00bb custom_margin_last_edited=\u00a0\u00bbon|phone\u00a0\u00bb custom_padding=\u00a0\u00bb0px||\u00a0\u00bb global_colors_info=\u00a0\u00bb{}\u00a0\u00bb][\/et_pb_divider][\/et_pb_column][\/et_pb_row][et_pb_row column_structure=\u00a0\u00bb1_2,1_2&Prime; admin_label=\u00a0\u00bbTitre Articles\u00a0\u00bb _builder_version=\u00a0\u00bb4.16&Prime; custom_margin=\u00a0\u00bb||\u00a0\u00bb custom_padding=\u00a0\u00bb0px||0px|||\u00a0\u00bb global_colors_info=\u00a0\u00bb{}\u00a0\u00bb][et_pb_column type=\u00a0\u00bb1_2&Prime; _builder_version=\u00a0\u00bb4.16&Prime; custom_padding=\u00a0\u00bb0px|||\u00a0\u00bb global_colors_info=\u00a0\u00bb{}\u00a0\u00bb custom_padding__hover=\u00a0\u00bb|||\u00a0\u00bb][et_pb_text _builder_version=\u00a0\u00bb4.17.6&Prime; header_font=\u00a0\u00bbGeorgia||||||||\u00a0\u00bb header_text_color=\u00a0\u00bb#000000&Prime; header_font_size=\u00a0\u00bb48px\u00a0\u00bb custom_margin=\u00a0\u00bb-30px|||50px\u00a0\u00bb header_font_size_tablet=\u00a0\u00bb36px\u00a0\u00bb header_font_size_phone=\u00a0\u00bb24px\u00a0\u00bb header_font_size_last_edited=\u00a0\u00bbon|tablet\u00a0\u00bb global_colors_info=\u00a0\u00bb{}\u00a0\u00bb]<\/p>\n<h1>ARTICLES<\/h1>\n<p>[\/et_pb_text][\/et_pb_column][et_pb_column type=\u00a0\u00bb1_2&Prime; _builder_version=\u00a0\u00bb4.16&Prime; custom_padding=\u00a0\u00bb|||\u00a0\u00bb global_colors_info=\u00a0\u00bb{}\u00a0\u00bb custom_padding__hover=\u00a0\u00bb|||\u00a0\u00bb][et_pb_text _builder_version=\u00a0\u00bb4.16&Prime; text_font=\u00a0\u00bb||||||||\u00a0\u00bb header_font=\u00a0\u00bb||||||||\u00a0\u00bb header_2_font=\u00a0\u00bbTimes New Roman||||||||\u00a0\u00bb global_colors_info=\u00a0\u00bb{}\u00a0\u00bb][\/et_pb_text][\/et_pb_column][\/et_pb_row][\/et_pb_section][et_pb_section fb_built=\u00a0\u00bb1&Prime; disabled_on=\u00a0\u00bboff|off|off\u00a0\u00bb admin_label=\u00a0\u00bbRubriques Agenda\u00a0\u00bb _builder_version=\u00a0\u00bb4.16&Prime; custom_margin=\u00a0\u00bb||\u00a0\u00bb custom_padding=\u00a0\u00bb0px|||||\u00a0\u00bb global_colors_info=\u00a0\u00bb{}\u00a0\u00bb][et_pb_row column_structure=\u00a0\u00bb1_3,1_3,1_3&Prime; disabled_on=\u00a0\u00bboff|off|off\u00a0\u00bb admin_label=\u00a0\u00bbBloc rubrique gastronomie\u00a0\u00bb _builder_version=\u00a0\u00bb4.16&Prime; custom_padding=\u00a0\u00bb0px|||||\u00a0\u00bb global_colors_info=\u00a0\u00bb{}\u00a0\u00bb][et_pb_column type=\u00a0\u00bb1_3&Prime; _builder_version=\u00a0\u00bb4.16&Prime; custom_padding=\u00a0\u00bb|||\u00a0\u00bb global_colors_info=\u00a0\u00bb{}\u00a0\u00bb custom_padding__hover=\u00a0\u00bb|||\u00a0\u00bb][et_pb_image src=\u00a0\u00bbhttps:\/\/rivegauche-magazine.ch\/wp-content\/uploads\/2022\/03\/vignette-GHIMMO.jpg\u00a0\u00bb title_text=\u00a0\u00bbvignette-GHIMMO\u00a0\u00bb url=\u00a0\u00bbhttps:\/\/rivegauche-magazine.ch\/index.php\/anieres\/gh-immobilier\/\u00a0\u00bb align_tablet=\u00a0\u00bbcenter\u00a0\u00bb align_phone=\u00a0\u00bb\u00a0\u00bb align_last_edited=\u00a0\u00bbon|desktop\u00a0\u00bb _builder_version=\u00a0\u00bb4.17.6&Prime; global_colors_info=\u00a0\u00bb{}\u00a0\u00bb][\/et_pb_image][et_pb_text _builder_version=\u00a0\u00bb4.16&Prime; text_font=\u00a0\u00bb||||||||\u00a0\u00bb header_font=\u00a0\u00bbNunito||||||||\u00a0\u00bb header_text_color=\u00a0\u00bb#000000&Prime; custom_margin=\u00a0\u00bb-30px||\u00a0\u00bb custom_padding=\u00a0\u00bb||\u00a0\u00bb link_option_url=\u00a0\u00bbhttps:\/\/rivegauche-magazine.ch\/index.php\/anieres\/gh-immobilier\/\u00a0\u00bb global_colors_info=\u00a0\u00bb{}\u00a0\u00bb]<\/p>\n<h1 style=\"text-align: right;\">GH IMMOBILIER<\/h1>\n<p>[\/et_pb_text][et_pb_image src=\u00a0\u00bbhttps:\/\/rivegauche-magazine.ch\/wp-content\/uploads\/2024\/07\/arvelac.jpg\u00a0\u00bb title_text=\u00a0\u00bbarvelac\u00a0\u00bb url=\u00a0\u00bbhttps:\/\/rivegauche-magazine.ch\/index.php\/arvelac\/\u00a0\u00bb align_tablet=\u00a0\u00bbcenter\u00a0\u00bb align_phone=\u00a0\u00bb\u00a0\u00bb align_last_edited=\u00a0\u00bbon|desktop\u00a0\u00bb disabled_on=\u00a0\u00bbon|on|on\u00a0\u00bb admin_label=\u00a0\u00bbArvelac\u00a0\u00bb _builder_version=\u00a0\u00bb4.17.6&Prime; hover_enabled=\u00a0\u00bb0&Prime; global_colors_info=\u00a0\u00bb{}\u00a0\u00bb disabled=\u00a0\u00bbon\u00a0\u00bb sticky_enabled=\u00a0\u00bb0&Prime;][\/et_pb_image][et_pb_text disabled_on=\u00a0\u00bbon|on|on\u00a0\u00bb admin_label=\u00a0\u00bbARvelac\u00a0\u00bb _builder_version=\u00a0\u00bb4.17.6&Prime; text_font=\u00a0\u00bb||||||||\u00a0\u00bb header_font=\u00a0\u00bbNunito|||on|||||\u00a0\u00bb header_text_color=\u00a0\u00bb#000000&Prime; custom_margin=\u00a0\u00bb-30px||\u00a0\u00bb custom_padding=\u00a0\u00bb||\u00a0\u00bb link_option_url=\u00a0\u00bbhttps:\/\/rivegauche-magazine.ch\/index.php\/arvelac\/\u00a0\u00bb hover_enabled=\u00a0\u00bb0&Prime; global_colors_info=\u00a0\u00bb{}\u00a0\u00bb disabled=\u00a0\u00bbon\u00a0\u00bb sticky_enabled=\u00a0\u00bb0&Prime;]<\/p>\n<h1 style=\"text-align: right;\">FESTIVAL BD 2024<br \/>5\u00e8me \u00e9dition &#8211; R\u00e9servez le week-end<br \/>des 9 et 10 novembre !<\/h1>\n<p>[\/et_pb_text][\/et_pb_column][et_pb_column type=\u00a0\u00bb1_3&Prime; _builder_version=\u00a0\u00bb4.16&Prime; custom_padding=\u00a0\u00bb|||\u00a0\u00bb global_colors_info=\u00a0\u00bb{}\u00a0\u00bb custom_padding__hover=\u00a0\u00bb|||\u00a0\u00bb][et_pb_image src=\u00a0\u00bbhttps:\/\/rivegauche-magazine.ch\/wp-content\/uploads\/2023\/03\/vignette-a_mes_100_ans.jpg\u00a0\u00bb title_text=\u00a0\u00bbPAGES_FDS-SGEC.indd\u00a0\u00bb url=\u00a0\u00bbhttps:\/\/rivegauche-magazine.ch\/index.php\/a-mes-100-ans\/\u00a0\u00bb align_tablet=\u00a0\u00bbcenter\u00a0\u00bb align_phone=\u00a0\u00bb\u00a0\u00bb align_last_edited=\u00a0\u00bbon|desktop\u00a0\u00bb _builder_version=\u00a0\u00bb4.17.6&Prime; global_colors_info=\u00a0\u00bb{}\u00a0\u00bb][\/et_pb_image][et_pb_text _builder_version=\u00a0\u00bb4.17.6&Prime; text_font=\u00a0\u00bb||||||||\u00a0\u00bb header_font=\u00a0\u00bbNunito||||||||\u00a0\u00bb header_text_color=\u00a0\u00bb#000000&Prime; custom_margin=\u00a0\u00bb-30px||\u00a0\u00bb custom_padding=\u00a0\u00bb||\u00a0\u00bb link_option_url=\u00a0\u00bbhttps:\/\/rivegauche-magazine.ch\/index.php\/a-mes-100-ans\/\u00a0\u00bb global_colors_info=\u00a0\u00bb{}\u00a0\u00bb]<\/p>\n<h1 style=\"text-align: right;\"><span class=\"ILfuVd\" lang=\"fr\"><span class=\"hgKElc\">\u00c0<\/span><\/span> MES 100 ANS<\/h1>\n<p>[\/et_pb_text][\/et_pb_column][et_pb_column type=\u00a0\u00bb1_3&Prime; _builder_version=\u00a0\u00bb4.16&Prime; custom_padding=\u00a0\u00bb|||\u00a0\u00bb global_colors_info=\u00a0\u00bb{}\u00a0\u00bb custom_padding__hover=\u00a0\u00bb|||\u00a0\u00bb][et_pb_image src=\u00a0\u00bbhttps:\/\/rivegauche-magazine.ch\/wp-content\/uploads\/2023\/03\/vignette-emmenez_moi.jpg\u00a0\u00bb title_text=\u00a0\u00bbPAGES_FDS-SGEC.indd\u00a0\u00bb url=\u00a0\u00bbhttps:\/\/rivegauche-magazine.ch\/index.php\/emmenez-moi\/\u00a0\u00bb align_tablet=\u00a0\u00bbcenter\u00a0\u00bb align_phone=\u00a0\u00bb\u00a0\u00bb align_last_edited=\u00a0\u00bbon|desktop\u00a0\u00bb _builder_version=\u00a0\u00bb4.17.6&Prime; global_colors_info=\u00a0\u00bb{}\u00a0\u00bb][\/et_pb_image][et_pb_text _builder_version=\u00a0\u00bb4.17.6&Prime; text_font=\u00a0\u00bb||||||||\u00a0\u00bb header_font=\u00a0\u00bbNunito||||||||\u00a0\u00bb header_text_color=\u00a0\u00bb#000000&Prime; custom_margin=\u00a0\u00bb-30px||\u00a0\u00bb custom_padding=\u00a0\u00bb||\u00a0\u00bb link_option_url=\u00a0\u00bbhttps:\/\/rivegauche-magazine.ch\/index.php\/emmenez-moi\/\u00a0\u00bb global_colors_info=\u00a0\u00bb{}\u00a0\u00bb]<\/p>\n<h1 style=\"text-align: right;\"><span class=\"ILfuVd\" lang=\"fr\"><span class=\"hgKElc\">EMMENEZ-MOI<\/span><\/span><\/h1>\n<p>[\/et_pb_text][\/et_pb_column][\/et_pb_row][\/et_pb_section]<\/p>\n","protected":false},"excerpt":{"rendered":"<p>AGENDA\u00c9v\u00e9nements \u00e0 Ani\u00e8resFESTIVAL BD 20245\u00e8me \u00e9dition &#8211; R\u00e9servez le week-enddes 9 et 10 novembre !GALERIE D\u2019ANI\u00c8RESHistoire d&rsquo;Ani\u00e8resARTICLESGH IMMOBILIERFESTIVAL BD 20245\u00e8me \u00e9dition &#8211; R\u00e9servez le week-enddes 9 et 10 novembre !\u00c0 MES 100 ANSEMMENEZ-MOI<\/p>\n","protected":false},"author":1,"featured_media":0,"parent":0,"menu_order":0,"comment_status":"closed","ping_status":"closed","template":"","meta":{"_et_pb_use_builder":"on","_et_pb_old_content":"","_et_gb_content_width":"","footnotes":""},"class_list":["post-460","page","type-page","status-publish","hentry"],"_links":{"self":[{"href":"https:\/\/geneveetvousmagazine.ch\/index.php\/wp-json\/wp\/v2\/pages\/460","targetHints":{"allow":["GET"]}}],"collection":[{"href":"https:\/\/geneveetvousmagazine.ch\/index.php\/wp-json\/wp\/v2\/pages"}],"about":[{"href":"https:\/\/geneveetvousmagazine.ch\/index.php\/wp-json\/wp\/v2\/types\/page"}],"author":[{"embeddable":true,"href":"https:\/\/geneveetvousmagazine.ch\/index.php\/wp-json\/wp\/v2\/users\/1"}],"replies":[{"embeddable":true,"href":"https:\/\/geneveetvousmagazine.ch\/index.php\/wp-json\/wp\/v2\/comments?post=460"}],"version-history":[{"count":61,"href":"https:\/\/geneveetvousmagazine.ch\/index.php\/wp-json\/wp\/v2\/pages\/460\/revisions"}],"predecessor-version":[{"id":15253,"href":"https:\/\/geneveetvousmagazine.ch\/index.php\/wp-json\/wp\/v2\/pages\/460\/revisions\/15253"}],"wp:attachment":[{"href":"https:\/\/geneveetvousmagazine.ch\/index.php\/wp-json\/wp\/v2\/media?parent=460"}],"curies":[{"name":"wp","href":"https:\/\/api.w.org\/{rel}","templated":true}]}}